{"id":88,"date":"2020-04-23T10:02:04","date_gmt":"2020-04-23T10:02:04","guid":{"rendered":"http:\/\/localhost\/pelister\/?page_id=88"},"modified":"2020-09-09T05:27:07","modified_gmt":"2020-09-09T05:27:07","slug":"geomorphology","status":"publish","type":"page","link":"https:\/\/park-pelister.com\/sq\/geomorphology\/","title":{"rendered":"Gjeomorfologjia"},"content":{"rendered":"<p><img loading=\"lazy\" class=\"alignnone size-medium wp-image-426\" src=\"http:\/\/pelister.development.ivote.mk\/wp-content\/uploads\/2020\/05\/4-1-300x203.jpg\" alt=\"\" width=\"300\" height=\"203\" srcset=\"https:\/\/park-pelister.com\/wp-content\/uploads\/2020\/05\/4-1-300x203.jpg 300w, https:\/\/park-pelister.com\/wp-content\/uploads\/2020\/05\/4-1.jpg 600w\" sizes=\"(max-width: 300px) 100vw, 300px\" \/><\/p>\n<p>Parku Komb\u00ebtar i Pelisterit ka shum\u00eb lloje t\u00eb formave t\u00eb relievit q\u00eb formohen p\u00ebrmes proceseve natyrore afatgjata dhe shum\u00eb komplekse.<\/p>\n<p>Lumenj guri &#8211; Moreni<\/p>\n<p>Nga fenomenet e ndihm\u00ebs periglaciale t\u00eb Pelisterit, natyrisht m\u00eb mbres\u00ebl\u00ebn\u00ebsit jan\u00eb t\u00eb ashtuquajturat lumenjt\u00eb shk\u00ebmbor\u00eb. Ato jan\u00eb n\u00eb t\u00eb v\u00ebrtet\u00eb shpatet e relievit t\u00eb mbushura me material t\u00eb grimcuar, t\u00eb p\u00ebrb\u00ebr\u00eb nga blloqe graniti, doleriti, gabbro dhe argjil\u00eb kuarci, t\u00eb grumbulluara mbi nj\u00ebra-tjetr\u00ebn, pa asnj\u00eb orientim. Ato u krijuan n\u00eb nj\u00eb koh\u00eb kur n\u00eb pjes\u00ebt m\u00eb t\u00eb larta t\u00eb malit kishte nj\u00eb klim\u00eb d\u00ebbore, me material bllokues q\u00eb rr\u00ebshqiste n\u00eb substrat, p\u00ebr shkak t\u00eb ngrirjes dhe shkrirjes s\u00eb saj alternative. Lumenjt\u00eb shk\u00ebmbor\u00eb jan\u00eb m\u00eb t\u00eb theksuar n\u00eb an\u00ebn veriore t\u00eb kodr\u00ebs s\u00eb Crvena Stena dhe mbi lokalitetin &#8220;Kopanki&#8221;. N\u00eb disa vende n\u00eb Pelister, lumenjt\u00eb prej guri p\u00ebrb\u00ebjn\u00eb nj\u00eb seri t\u00eb gjat\u00eb deri n\u00eb 3 km.<\/p>\n<p><img loading=\"lazy\" class=\"alignnone wp-image-423\" src=\"http:\/\/pelister.development.ivote.mk\/wp-content\/uploads\/2020\/05\/67675117_10206141975666276_2721852991748440064_o-300x199.jpg\" alt=\"\" width=\"265\" height=\"176\" srcset=\"https:\/\/park-pelister.com\/wp-content\/uploads\/2020\/05\/67675117_10206141975666276_2721852991748440064_o-300x199.jpg 300w, https:\/\/park-pelister.com\/wp-content\/uploads\/2020\/05\/67675117_10206141975666276_2721852991748440064_o-768x509.jpg 768w, https:\/\/park-pelister.com\/wp-content\/uploads\/2020\/05\/67675117_10206141975666276_2721852991748440064_o.jpg 960w\" sizes=\"(max-width: 265px) 100vw, 265px\" \/>\u00a0 \u00a0 \u00a0 \u00a0 <img loading=\"lazy\" class=\"alignnone wp-image-540\" src=\"http:\/\/pelister.development.ivote.mk\/wp-content\/uploads\/2020\/05\/96253319_1495649057270390_6029294520556847104_o-300x138.jpg\" alt=\"\" width=\"379\" height=\"173\" srcset=\"https:\/\/park-pelister.com\/wp-content\/uploads\/2020\/05\/96253319_1495649057270390_6029294520556847104_o-300x138.jpg 300w, https:\/\/park-pelister.com\/wp-content\/uploads\/2020\/05\/96253319_1495649057270390_6029294520556847104_o.jpg 960w\" sizes=\"(max-width: 379px) 100vw, 379px\" \/><\/p>\n<p>N\u00eb zonat e larta malore t\u00eb Pelisterit, nj\u00eb dukuri tjet\u00ebr interesante \u00ebsht\u00eb e pranishme. K\u00ebto jan\u00eb detet shk\u00ebmbore. K\u00ebto forma t\u00eb mrekullueshme t\u00eb leht\u00ebsimit periglacial formohen nga th\u00ebrrmimi i akullt i shtratit shk\u00ebmbor, i cili zakonisht \u00ebsht\u00eb pak i pjerr\u00ebt, n\u00eb m\u00ebnyr\u00eb q\u00eb materiali shk\u00ebmbor i rr\u00ebnuar t\u00eb mbetet n\u00eb vendin e formimit. Nj\u00eb pamje klasike e nj\u00eb deti t\u00eb till\u00eb gur\u00ebsh mund t\u00eb shihet n\u00eb an\u00ebn verilindore t\u00eb maj\u00ebs s\u00eb Pelisterit, n\u00eb drejtim t\u00eb maj\u00ebs Stiv.<\/p>\n<p><img loading=\"lazy\" class=\"alignnone size-medium wp-image-418\" src=\"http:\/\/pelister.development.ivote.mk\/wp-content\/uploads\/2020\/05\/21552029_10203669432654246_1525986929390663216_o-300x199.jpg\" alt=\"\" width=\"300\" height=\"199\" srcset=\"https:\/\/park-pelister.com\/wp-content\/uploads\/2020\/05\/21552029_10203669432654246_1525986929390663216_o-300x199.jpg 300w, https:\/\/park-pelister.com\/wp-content\/uploads\/2020\/05\/21552029_10203669432654246_1525986929390663216_o-768x509.jpg 768w, https:\/\/park-pelister.com\/wp-content\/uploads\/2020\/05\/21552029_10203669432654246_1525986929390663216_o.jpg 960w\" sizes=\"(max-width: 300px) 100vw, 300px\" \/>\u00a0 \u00a0 \u00a0 \u00a0 \u00a0 \u00a0 \u00a0 \u00a0 <img loading=\"lazy\" class=\"alignnone size-medium wp-image-417\" src=\"http:\/\/pelister.development.ivote.mk\/wp-content\/uploads\/2020\/05\/21544021_10203669182968004_5131939128961874792_o-300x199.jpg\" alt=\"\" width=\"300\" height=\"199\" srcset=\"https:\/\/park-pelister.com\/wp-content\/uploads\/2020\/05\/21544021_10203669182968004_5131939128961874792_o-300x199.jpg 300w, https:\/\/park-pelister.com\/wp-content\/uploads\/2020\/05\/21544021_10203669182968004_5131939128961874792_o-768x509.jpg 768w, https:\/\/park-pelister.com\/wp-content\/uploads\/2020\/05\/21544021_10203669182968004_5131939128961874792_o.jpg 960w\" sizes=\"(max-width: 300px) 100vw, 300px\" \/><\/p>\n<p>N\u00eb pjes\u00ebt e larta t\u00eb Pelisterit ku mbizot\u00ebron relievi akullnajor fosil, ekzistojn\u00eb nj\u00eb s\u00ebr\u00eb dukurish t\u00eb tjera relaksuese interesante. K\u00ebto jan\u00eb shk\u00ebmbinjt\u00eb e mpreht\u00eb shk\u00ebmbor\u00eb, masa shk\u00ebmbore t\u00eb grumbulluara n\u00eb m\u00ebnyr\u00eb jo t\u00eb duhur p\u00ebrgjat\u00eb kreshtave t\u00eb gjera malore, blloqe t\u00eb rr\u00ebshqitshme, unaza guri, tarraca me bar dhe fenomene t\u00eb tjera q\u00eb pasurojn\u00eb spektrin e rrall\u00eb t\u00eb natyr\u00ebs s\u00eb Pelisterit.<\/p>\n<p><img loading=\"lazy\" class=\"alignnone size-medium wp-image-422\" src=\"http:\/\/pelister.development.ivote.mk\/wp-content\/uploads\/2020\/05\/194-300x200.jpg\" alt=\"\" width=\"300\" height=\"200\" srcset=\"https:\/\/park-pelister.com\/wp-content\/uploads\/2020\/05\/194-300x200.jpg 300w, https:\/\/park-pelister.com\/wp-content\/uploads\/2020\/05\/194.jpg 640w\" sizes=\"(max-width: 300px) 100vw, 300px\" \/>\u00a0 \u00a0 \u00a0 \u00a0 \u00a0 \u00a0 \u00a0 \u00a0 \u00a0<img loading=\"lazy\" class=\"alignnone size-medium wp-image-419\" src=\"http:\/\/pelister.development.ivote.mk\/wp-content\/uploads\/2020\/05\/DSC_0494-300x200.jpg\" alt=\"\" width=\"300\" height=\"200\" srcset=\"https:\/\/park-pelister.com\/wp-content\/uploads\/2020\/05\/DSC_0494-300x200.jpg 300w, https:\/\/park-pelister.com\/wp-content\/uploads\/2020\/05\/DSC_0494-768x512.jpg 768w, https:\/\/park-pelister.com\/wp-content\/uploads\/2020\/05\/DSC_0494.jpg 800w\" sizes=\"(max-width: 300px) 100vw, 300px\" \/><\/p>\n<p>N\u00eb Pelister ka gjurm\u00eb t\u00eb akullnajave malore diluviale. Ato shprehen n\u00eb form\u00ebn e ngjyrave moren dhe cirk. Nga kat\u00ebr cirk\u00eb, aq sa ka n\u00eb Pelister, dy jan\u00eb t\u00eb mbushura me uj\u00eb dhe ekzistojn\u00eb si liqene akullnajore.<\/p>","protected":false},"excerpt":{"rendered":"<p>Parku Komb\u00ebtar i Pelisterit ka shum\u00eb lloje t\u00eb formave t\u00eb relievit q\u00eb formohen p\u00ebrmes proceseve natyrore afatgjata dhe shum\u00eb komplekse. Lumenj guri &#8211; Moreni Nga fenomenet e ndihm\u00ebs periglaciale t\u00eb Pelisterit, natyrisht m\u00eb mbres\u00ebl\u00ebn\u00ebsit jan\u00eb t\u00eb ashtuquajturat lumenjt\u00eb shk\u00ebmbor\u00eb. Ato jan\u00eb n\u00eb t\u00eb v\u00ebrtet\u00eb shpatet e relievit t\u00eb mbushura me material t\u00eb grimcuar, t\u00eb p\u00ebrb\u00ebr\u00eb [&hellip;]<\/p>\n","protected":false},"author":1,"featured_media":0,"parent":0,"menu_order":0,"comment_status":"closed","ping_status":"closed","template":"template-geomorphology.php","meta":[],"_links":{"self":[{"href":"https:\/\/park-pelister.com\/sq\/wp-json\/wp\/v2\/pages\/88"}],"collection":[{"href":"https:\/\/park-pelister.com\/sq\/wp-json\/wp\/v2\/pages"}],"about":[{"href":"https:\/\/park-pelister.com\/sq\/wp-json\/wp\/v2\/types\/page"}],"author":[{"embeddable":true,"href":"https:\/\/park-pelister.com\/sq\/wp-json\/wp\/v2\/users\/1"}],"replies":[{"embeddable":true,"href":"https:\/\/park-pelister.com\/sq\/wp-json\/wp\/v2\/comments?post=88"}],"version-history":[{"count":0,"href":"https:\/\/park-pelister.com\/sq\/wp-json\/wp\/v2\/pages\/88\/revisions"}],"wp:attachment":[{"href":"https:\/\/park-pelister.com\/sq\/wp-json\/wp\/v2\/media?parent=88"}],"curies":[{"name":"wp","href":"https:\/\/api.w.org\/{rel}","templated":true}]}}