{"id":79,"date":"2020-04-22T16:23:06","date_gmt":"2020-04-22T16:23:06","guid":{"rendered":"http:\/\/localhost\/pelister\/?page_id=79"},"modified":"2020-09-13T08:16:47","modified_gmt":"2020-09-13T08:16:47","slug":"fauna-2","status":"publish","type":"page","link":"https:\/\/park-pelister.com\/sq\/fauna-2\/","title":{"rendered":"FAUNA"},"content":{"rendered":"<p>Karakteristikat m\u00eb interesante t\u00eb faun\u00ebs n\u00eb Parkun Komb\u00ebtar Pelister jan\u00eb shum\u00ebllojshm\u00ebria dhe heterogjeniteti i tij, si dhe prania e shum\u00eb specieve reliktive dhe endemike. <strong>Speciet endemike regjistrohen kryesisht n\u00eb grupe jovertebrore t\u00eb organizmave.<\/strong><\/p>\n<p><strong>Fauna tok\u00ebsore jokonverte\u00a0 (tok\u00ebsore) e Pelisterit tregon pranin\u00eb e gjithsej 288 takson\u00ebve, t\u00eb cilat i p\u00ebrkasin gjithsej 10 grupeve jovertebrore.<\/strong><\/p>\n<p><img loading=\"lazy\" class=\"alignnone wp-image-638\" src=\"http:\/\/pelister.development.ivote.mk\/wp-content\/uploads\/2020\/05\/\u0425\u0435\u0440\u043f\u0430\u043a\u0442\u043e\u0438\u0434\u043d\u043e-\u0440\u0430\u043a\u0447\u0435-300x180.jpg\" alt=\"\" width=\"395\" height=\"237\" srcset=\"https:\/\/park-pelister.com\/wp-content\/uploads\/2020\/05\/\u0425\u0435\u0440\u043f\u0430\u043a\u0442\u043e\u0438\u0434\u043d\u043e-\u0440\u0430\u043a\u0447\u0435-300x180.jpg 300w, https:\/\/park-pelister.com\/wp-content\/uploads\/2020\/05\/\u0425\u0435\u0440\u043f\u0430\u043a\u0442\u043e\u0438\u0434\u043d\u043e-\u0440\u0430\u043a\u0447\u0435-768x460.jpg 768w, https:\/\/park-pelister.com\/wp-content\/uploads\/2020\/05\/\u0425\u0435\u0440\u043f\u0430\u043a\u0442\u043e\u0438\u0434\u043d\u043e-\u0440\u0430\u043a\u0447\u0435.jpg 800w\" sizes=\"(max-width: 395px) 100vw, 395px\" \/><\/p>\n<p>Nga invertebror\u00ebt, n\u00eb Liqenin e vog\u00ebl akullnajor ekziston nj\u00eb popullacion mburr\u00ebse e draguafly Chirocephalus diaphanus carinatus, e cila \u00ebsht\u00eb nj\u00eb takson ballkanik-endemik ballkanik.<\/p>\n<p>Amfipodi Niphragus pancici peristericus, nj\u00eb endemik\u00eb e Pelisterit, jeton ekskluzivisht n\u00eb liqenin e madh akullnajor &#8220;Liqeni i Madh&#8221;. Vet\u00ebm n\u00eb uj\u00ebrat e k\u00ebtyre dy liqeneve akullnajore \u00ebsht\u00eb karkaleci harpaktikoid Arcticocampus macedonicus.<\/p>\n<p>N\u00eb uj\u00ebrat burimor\u00eb s\u00eb PK Pelister, n\u00eb nj\u00eb lart\u00ebsi prej 1600 dhe 2200 m jetojn\u00eb dy specie relikt-endemike\u00a0 t\u00eb ostrakodeve: (Iliodromus peristericus dhe Eucypris diebeli). Elementet e faun\u00ebs relikt-endemike jan\u00eb gjithashtu t\u00eb pranishme n\u00eb p\u00ebrrenjt\u00eb malor\u00eb dhe lumenjt\u00eb e Parkut Komb\u00ebtar. Pleoptera endemike maqedonase Nemoura peristeri \u00ebsht\u00eb e pranishme p\u00ebr gjat\u00eb lumi t\u00ebt Magarev\u00ebs.<\/p>\n<p>Disa specie endemike t\u00eb Pelisterit jan\u00eb t\u00eb pranishme n\u00eb t\u00eb gjith\u00eb pyllin dhe brezin e lart\u00eb malor, si\u00e7 jan\u00eb: Centipede i Pelisterit (Brachydesmus peristerensis); Insektet me krah\u00eb t\u00eb forte\u00a0 \u00a0 \u00a0: (Alpaeus macedonica, Cychrus attenuatus peristericus, Duvaliotes peristericus, Platyduvalius macedonicus, Trechus hajeki), mol\u00eb (Hadena clara macedonica) dhe fluturat e vogla: (Scythris crypta dhe Scythris similis).<\/p>\n<p><strong>N\u00eb vertebror\u00ebt e Pelisterit, p\u00ebrve\u00e7 2 specieve t\u00eb peshqve, \u00ebsht\u00eb e dukshme edhe prania e 12 specieve amfib\u00ebsh, 16 specie zvarranik\u00ebsh, ose 50% nga shum\u00ebllojshm\u00ebria e zvarranik\u00ebve n\u00eb Maqedoni, 116 lloje zogjsh, nga t\u00eb cil\u00ebt 5 jan\u00eb n\u00eb zhdukje dhe 47 lloje gjitar\u00ebsh .<\/strong><\/p>\n<p><img loading=\"lazy\" class=\"alignnone wp-image-639\" src=\"http:\/\/pelister.development.ivote.mk\/wp-content\/uploads\/2020\/05\/salmo-pelagonicus-1-300x197.jpg\" alt=\"\" width=\"333\" height=\"219\" srcset=\"https:\/\/park-pelister.com\/wp-content\/uploads\/2020\/05\/salmo-pelagonicus-1-300x197.jpg 300w, https:\/\/park-pelister.com\/wp-content\/uploads\/2020\/05\/salmo-pelagonicus-1-768x505.jpg 768w, https:\/\/park-pelister.com\/wp-content\/uploads\/2020\/05\/salmo-pelagonicus-1.jpg 779w\" sizes=\"(max-width: 333px) 100vw, 333px\" \/>\u00a0 \u00a0 \u00a0 \u00a0 \u00a0 \u00a0 \u00a0 \u00a0 \u00a0 \u00a0 \u00a0<img loading=\"lazy\" class=\"alignnone wp-image-640\" src=\"http:\/\/pelister.development.ivote.mk\/wp-content\/uploads\/2020\/05\/pastrmka-1-300x240.jpg\" alt=\"\" width=\"261\" height=\"208\" srcset=\"https:\/\/park-pelister.com\/wp-content\/uploads\/2020\/05\/pastrmka-1-300x240.jpg 300w, https:\/\/park-pelister.com\/wp-content\/uploads\/2020\/05\/pastrmka-1.jpg 750w\" sizes=\"(max-width: 261px) 100vw, 261px\" \/><\/p>\n<p>Ekzistojn\u00eb dy lloje t\u00eb troft\u00ebs n\u00eb Parkun Komb\u00ebtar. Ekskluzivisht n\u00eb rrjedh\u00ebn e sip\u00ebrme t\u00eb lumenjve Sapun\u00e7ica, Zlokuqanska dhe Rotinska jetojn\u00eb trofta (Salmo pelagonicus), dhe n\u00eb lumin e Braj\u00e7in\u00ebs jeton trofta e Pelisterit (Salmo peristericus) q\u00eb jan\u00eb specie endemike t\u00eb Pelisterit. Brezi i lart\u00eb malor i Pelisterit \u00ebsht\u00eb i banuar nga nj\u00eb faun\u00eb specifike. i cili \u00ebsht\u00eb nj\u00eb mozaik i elementeve religjionale mal\u00ebsore mesdhetare, pastaj elemente faunale boreale, arkto-alpine dhe stepe. Speciet m\u00eb t\u00eb mrekullueshme n\u00eb k\u00ebt\u00eb brez jan\u00eb kamxhiku i Ballkanit (Rupicapra rupicapra balcanica).<\/p>\n<p>Prej zogjve, speciet karakteristike p\u00ebr k\u00ebt\u00eb vend jan\u00eb:<strong> pjes\u00ebza me brir\u00eb t\u00eb kuq<\/strong> (Pyrrhocorax pirrhochorax), trungu i step\u00ebs (Monticola saxatilis), (Turdus torquatus) dhe (Alectoris graeca).<\/p>\n<p><img loading=\"lazy\" class=\"alignnone size-medium wp-image-641\" src=\"http:\/\/pelister.development.ivote.mk\/wp-content\/uploads\/2020\/05\/Crvenokluna-galka-Red-billed-Chough-Pyrrhocorax-pyrrhocorax-300x236.jpg\" alt=\"\" width=\"300\" height=\"236\" srcset=\"https:\/\/park-pelister.com\/wp-content\/uploads\/2020\/05\/Crvenokluna-galka-Red-billed-Chough-Pyrrhocorax-pyrrhocorax-300x236.jpg 300w, https:\/\/park-pelister.com\/wp-content\/uploads\/2020\/05\/Crvenokluna-galka-Red-billed-Chough-Pyrrhocorax-pyrrhocorax.jpg 764w\" sizes=\"(max-width: 300px) 100vw, 300px\" \/>\u00a0 \u00a0 \u00a0 \u00a0 \u00a0 \u00a0 \u00a0 \u00a0 \u00a0 \u00a0<img loading=\"lazy\" class=\"alignnone wp-image-642\" src=\"http:\/\/pelister.development.ivote.mk\/wp-content\/uploads\/2020\/05\/Belogusest-drozd-Ring-Ouzel-Turdus-torquatus-300x210.jpg\" alt=\"\" width=\"335\" height=\"235\" srcset=\"https:\/\/park-pelister.com\/wp-content\/uploads\/2020\/05\/Belogusest-drozd-Ring-Ouzel-Turdus-torquatus-300x210.jpg 300w, https:\/\/park-pelister.com\/wp-content\/uploads\/2020\/05\/Belogusest-drozd-Ring-Ouzel-Turdus-torquatus-768x539.jpg 768w, https:\/\/park-pelister.com\/wp-content\/uploads\/2020\/05\/Belogusest-drozd-Ring-Ouzel-Turdus-torquatus.jpg 800w\" sizes=\"(max-width: 335px) 100vw, 335px\" \/><\/p>\n<p>Kat\u00ebr takson\u00eb gjitar\u00ebsh jan\u00eb p\u00ebrshkruar p\u00ebr her\u00eb t\u00eb par\u00eb nga vendet brenda Parkut Komb\u00ebtar: <strong>nishani i verb\u00ebr ballkanik<\/strong> (Talpa caeca beaucournii), nj\u00eb banor tipik i pyjeve molibden. <em><strong>Nishani ballkanik<\/strong> <\/em>(Talpa stankovici), i p\u00ebrshkruar n\u00eb baz\u00eb t\u00eb mostrave t\u00eb mbledhura nga livadhet malore n\u00eb Parkun Komb\u00ebtar. Kjo specie \u00ebsht\u00eb e regjistruar si subendemite maqedonase, sepse gjendet pjes\u00ebrisht n\u00eb zonat kufitare t\u00eb Greqis\u00eb dhe Shqip\u00ebris\u00eb.<\/p>\n<p><em><strong>Livadhi me gjethe maqedonase<\/strong> <\/em>(Clethrionomys glareolus makedonicus), i regjistruar s\u00eb pari dhe i p\u00ebrshkruar nga pyjet gjether\u00ebn\u00ebs dhe t\u00eb p\u00ebrzier t\u00eb Pelisterit, \u00ebsht\u00eb gjithashtu nj\u00eb endemik\u00eb maqedonase. <strong><em>Livadhi maqedonas<\/em> <\/strong>(Microtus felteni), i p\u00ebrshkruar nga pyjet molike t\u00eb Pelisterit, \u00ebsht\u00eb nj\u00eb endemik\u00eb maqedonase, sepse deri m\u00eb tani \u00ebsht\u00eb regjistruar vet\u00ebm n\u00eb malet e Maqedonis\u00eb Per\u00ebndimore.<\/p>\n<p><img loading=\"lazy\" class=\"alignnone wp-image-644\" src=\"http:\/\/pelister.development.ivote.mk\/wp-content\/uploads\/2020\/05\/Balkanski-ris-Balkan-Lynx-Linx-linx-martino-300x233.jpg\" alt=\"\" width=\"387\" height=\"301\" srcset=\"https:\/\/park-pelister.com\/wp-content\/uploads\/2020\/05\/Balkanski-ris-Balkan-Lynx-Linx-linx-martino-300x233.jpg 300w, https:\/\/park-pelister.com\/wp-content\/uploads\/2020\/05\/Balkanski-ris-Balkan-Lynx-Linx-linx-martino-768x595.jpg 768w, https:\/\/park-pelister.com\/wp-content\/uploads\/2020\/05\/Balkanski-ris-Balkan-Lynx-Linx-linx-martino.jpg 774w\" sizes=\"(max-width: 387px) 100vw, 387px\" \/>\u00a0 \u00a0 \u00a0 \u00a0 \u00a0 \u00a0 \u00a0 \u00a0 \u00a0 \u00a0 <img loading=\"lazy\" class=\"alignnone size-medium wp-image-645\" src=\"http:\/\/pelister.development.ivote.mk\/wp-content\/uploads\/2020\/05\/Roe-Deer-Capreolus-capreolus-Srna-221x300.jpg\" alt=\"\" width=\"221\" height=\"300\" srcset=\"https:\/\/park-pelister.com\/wp-content\/uploads\/2020\/05\/Roe-Deer-Capreolus-capreolus-Srna-221x300.jpg 221w, https:\/\/park-pelister.com\/wp-content\/uploads\/2020\/05\/Roe-Deer-Capreolus-capreolus-Srna.jpg 588w\" sizes=\"(max-width: 221px) 100vw, 221px\" \/><\/p>\n<p>N\u00eb brezin pyjor t\u00eb Parkut Komb\u00ebtar, p\u00ebrfaq\u00ebsuesit m\u00eb karakteristik\u00eb t\u00eb vertebror\u00ebve jan\u00eb:<\/p>\n<p>(Salamandra salamandra),<\/p>\n<p>(Trituruis carnifex macedonicus),<\/p>\n<p>(Rana dalmatina),<\/p>\n<p>(Rana graeca),<\/p>\n<p>(Hyla \u0430rharea),<\/p>\n<p>(Testudo hermanni),<\/p>\n<p>(Elaphe longissima),<\/p>\n<p>(Coronella austriaca),<\/p>\n<p>(Scolopax rusticola),<\/p>\n<p>(Bonasa bonasia),<\/p>\n<p>(Bubo bubo),<\/p>\n<p>(Strix aluco),<\/p>\n<p>(Caprimulgus europaeus),<\/p>\n<p>(Dryocopus martius),<\/p>\n<p>(Picus viridis),<\/p>\n<p>(Accipiter gentilis),<\/p>\n<p>(Aquilla chrysaetos),<\/p>\n<p>(Erinaceus concolor),<\/p>\n<p>(Sciurus vulgaria),<\/p>\n<p>(Muscardinus avellanarius),<\/p>\n<p>(Dryomys nitedula),<\/p>\n<p>(Glis glis),<\/p>\n<p>(Lepus europaeus),<\/p>\n<p>(Martes foina),<\/p>\n<p>(Meles meles),<\/p>\n<p>(Vulpes vulpes),<\/p>\n<p>(Felis silvestris),<\/p>\n<p>(Lynx lynx martinoi),<\/p>\n<p>(Canis lupus),<\/p>\n<p>(Ursus arctos),<\/p>\n<p>(Sus scrofa),<\/p>\n<p>(Cervus elaphus),<\/p>\n<p>(Capreolus capreolus)<\/p>","protected":false},"excerpt":{"rendered":"<p>Karakteristikat m\u00eb interesante t\u00eb faun\u00ebs n\u00eb Parkun Komb\u00ebtar Pelister jan\u00eb shum\u00ebllojshm\u00ebria dhe heterogjeniteti i tij, si dhe prania e shum\u00eb specieve reliktive dhe endemike. Speciet endemike regjistrohen kryesisht n\u00eb grupe jovertebrore t\u00eb organizmave. Fauna tok\u00ebsore jokonverte\u00a0 (tok\u00ebsore) e Pelisterit tregon pranin\u00eb e gjithsej 288 takson\u00ebve, t\u00eb cilat i p\u00ebrkasin gjithsej 10 grupeve jovertebrore. Nga invertebror\u00ebt, [&hellip;]<\/p>\n","protected":false},"author":1,"featured_media":648,"parent":0,"menu_order":0,"comment_status":"closed","ping_status":"closed","template":"template-fauna.php","meta":[],"_links":{"self":[{"href":"https:\/\/park-pelister.com\/sq\/wp-json\/wp\/v2\/pages\/79"}],"collection":[{"href":"https:\/\/park-pelister.com\/sq\/wp-json\/wp\/v2\/pages"}],"about":[{"href":"https:\/\/park-pelister.com\/sq\/wp-json\/wp\/v2\/types\/page"}],"author":[{"embeddable":true,"href":"https:\/\/park-pelister.com\/sq\/wp-json\/wp\/v2\/users\/1"}],"replies":[{"embeddable":true,"href":"https:\/\/park-pelister.com\/sq\/wp-json\/wp\/v2\/comments?post=79"}],"version-history":[{"count":0,"href":"https:\/\/park-pelister.com\/sq\/wp-json\/wp\/v2\/pages\/79\/revisions"}],"wp:featuredmedia":[{"embeddable":true,"href":"https:\/\/park-pelister.com\/sq\/wp-json\/wp\/v2\/media\/648"}],"wp:attachment":[{"href":"https:\/\/park-pelister.com\/sq\/wp-json\/wp\/v2\/media?parent=79"}],"curies":[{"name":"wp","href":"https:\/\/api.w.org\/{rel}","templated":true}]}}