{"id":284,"date":"2020-04-28T08:37:59","date_gmt":"2020-04-28T08:37:59","guid":{"rendered":"http:\/\/localhost\/pelister\/?page_id=284"},"modified":"2020-09-09T19:22:30","modified_gmt":"2020-09-09T19:22:30","slug":"exhibitions-museums","status":"publish","type":"page","link":"https:\/\/park-pelister.com\/sq\/exhibitions-museums\/","title":{"rendered":"Ekspozita \/ Muzet\u00eb"},"content":{"rendered":"<p><strong>Info Qendra Pelister &#8211; Ekspozit\u00eb e p\u00ebrhershme &#8211; speciet m\u00eb t\u00eb r\u00ebnd\u00ebsishme t\u00eb flor\u00ebs dhe faun\u00ebs n\u00eb PK Pelister<\/strong><\/p>\n<p><img loading=\"lazy\" class=\"alignnone wp-image-1200\" src=\"http:\/\/pelister.development.ivote.mk\/wp-content\/uploads\/2020\/06\/IMG_20160519_112321-300x225.jpg\" sizes=\"(max-width: 303px) 100vw, 303px\" srcset=\"http:\/\/pelister.development.ivote.mk\/wp-content\/uploads\/2020\/06\/IMG_20160519_112321-300x225.jpg 300w, http:\/\/pelister.development.ivote.mk\/wp-content\/uploads\/2020\/06\/IMG_20160519_112321.jpg 640w\" alt=\"\" width=\"303\" height=\"227\" \/>\u00a0 \u00a0 \u00a0<img loading=\"lazy\" class=\"alignnone size-medium wp-image-1203\" src=\"http:\/\/pelister.development.ivote.mk\/wp-content\/uploads\/2020\/06\/IMG_20160519_115612-300x225.jpg\" sizes=\"(max-width: 300px) 100vw, 300px\" srcset=\"http:\/\/pelister.development.ivote.mk\/wp-content\/uploads\/2020\/06\/IMG_20160519_115612-300x225.jpg 300w, http:\/\/pelister.development.ivote.mk\/wp-content\/uploads\/2020\/06\/IMG_20160519_115612.jpg 640w\" alt=\"\" width=\"300\" height=\"225\" \/><\/p>\n<p>Brenda Parkut Komb\u00ebtar ekziston nj\u00eb Qend\u00ebr Informacioni, ose Qendra e Vizitor\u00ebve n\u00eb vendndodhjen &#8220;7 Kladenci&#8221;, ose e quajtur &#8220;Vila e Lazos&#8221; (1.350 metra mbi nivelin e detit). Q\u00ebllimi kryesor i qendr\u00ebs \u00ebsht\u00eb t\u00eb siguroj\u00eb informacion p\u00ebr vizitor\u00ebt n\u00eb lidhje me tiparet themelore t\u00eb Parkut Komb\u00ebtar, vlerat dhe burimet natyrore t\u00eb tij. Qendra e informacionit \u00ebsht\u00eb e hapur 6 dit\u00eb n\u00eb jav\u00eb, p\u00ebrve\u00e7 t\u00eb h\u00ebnave, dhe \u00ebsht\u00eb aty p\u00ebr t\u00eb udh\u00ebzuar vizitor\u00ebt p\u00ebrmes informacioneve t\u00eb k\u00ebmb\u00ebsor\u00ebve, shtigjeve t\u00eb bi\u00e7ikletave dhe zonave t\u00eb piknik\u00ebve.<\/p>\n<p><img loading=\"lazy\" class=\"alignnone wp-image-1204\" src=\"http:\/\/pelister.development.ivote.mk\/wp-content\/uploads\/2020\/06\/SAS_1437-300x201.jpg\" alt=\"\" width=\"336\" height=\"225\" \/>\u00a0 \u00a0 \u00a0<img loading=\"lazy\" class=\"alignnone size-medium wp-image-1196\" src=\"http:\/\/pelister.development.ivote.mk\/wp-content\/uploads\/2020\/06\/DSC00183-300x225.jpg\" alt=\"\" width=\"300\" height=\"225\" \/><\/p>\n<p>P\u00ebrve\u00e7 mund\u00ebsive t\u00eb tjera t\u00eb informacionit, salla p\u00ebr takime dhe mbledhje t\u00eb organizuara, Info Qendra ka nj\u00eb ekspozit\u00eb t\u00eb p\u00ebrhershme t\u00eb flor\u00ebs dhe faun\u00ebs s\u00eb pasur n\u00eb Parkun Komb\u00ebtar, si dhe ngjarjet historike q\u00eb lidhen me Luft\u00ebn e Par\u00eb Bot\u00ebrore. Hap\u00ebsira e ekspozit\u00ebs ka nj\u00eb koleksion t\u00eb vog\u00ebl t\u00eb kafsh\u00ebve t\u00eb mbushura, si dhe nj\u00eb herbarium t\u00eb vog\u00ebl me bim\u00ebt m\u00eb t\u00eb r\u00ebnd\u00ebsishme dhe endemike n\u00eb PK Pelister.<\/p>\n<p><img loading=\"lazy\" class=\"alignnone wp-image-1189\" src=\"http:\/\/pelister.development.ivote.mk\/wp-content\/uploads\/2020\/06\/info-centarot-300x201.jpg\" sizes=\"(max-width: 299px) 100vw, 299px\" srcset=\"http:\/\/pelister.development.ivote.mk\/wp-content\/uploads\/2020\/06\/info-centarot-300x201.jpg 300w, http:\/\/pelister.development.ivote.mk\/wp-content\/uploads\/2020\/06\/info-centarot.jpg 448w\" alt=\"\" width=\"299\" height=\"200\" \/>\u00a0 \u00a0 \u00a0<img loading=\"lazy\" class=\"alignnone size-medium wp-image-1205\" src=\"http:\/\/pelister.development.ivote.mk\/wp-content\/uploads\/2020\/06\/SAS_2859-300x201.jpg\" alt=\"\" width=\"300\" height=\"201\" \/><\/p>\n<p>P\u00ebr vizitor\u00ebt e interesuar dhe grupet e organizuara n\u00eb Qendr\u00ebn e Informacionit organizohen prezantime p\u00ebr tema t\u00eb caktuara, p\u00ebr popullarizimin e vlerave dhe burimeve natyrore t\u00eb PK Pelister.<\/p>","protected":false},"excerpt":{"rendered":"<p>Info Qendra Pelister &#8211; Ekspozit\u00eb e p\u00ebrhershme &#8211; speciet m\u00eb t\u00eb r\u00ebnd\u00ebsishme t\u00eb flor\u00ebs dhe faun\u00ebs n\u00eb PK Pelister \u00a0 \u00a0 \u00a0 Brenda Parkut Komb\u00ebtar ekziston nj\u00eb Qend\u00ebr Informacioni, ose Qendra e Vizitor\u00ebve n\u00eb vendndodhjen &#8220;7 Kladenci&#8221;, ose e quajtur &#8220;Vila e Lazos&#8221; (1.350 metra mbi nivelin e detit). Q\u00ebllimi kryesor i qendr\u00ebs \u00ebsht\u00eb t\u00eb [&hellip;]<\/p>\n","protected":false},"author":1,"featured_media":1188,"parent":0,"menu_order":0,"comment_status":"closed","ping_status":"closed","template":"template-main.php","meta":[],"_links":{"self":[{"href":"https:\/\/park-pelister.com\/sq\/wp-json\/wp\/v2\/pages\/284"}],"collection":[{"href":"https:\/\/park-pelister.com\/sq\/wp-json\/wp\/v2\/pages"}],"about":[{"href":"https:\/\/park-pelister.com\/sq\/wp-json\/wp\/v2\/types\/page"}],"author":[{"embeddable":true,"href":"https:\/\/park-pelister.com\/sq\/wp-json\/wp\/v2\/users\/1"}],"replies":[{"embeddable":true,"href":"https:\/\/park-pelister.com\/sq\/wp-json\/wp\/v2\/comments?post=284"}],"version-history":[{"count":0,"href":"https:\/\/park-pelister.com\/sq\/wp-json\/wp\/v2\/pages\/284\/revisions"}],"wp:featuredmedia":[{"embeddable":true,"href":"https:\/\/park-pelister.com\/sq\/wp-json\/wp\/v2\/media\/1188"}],"wp:attachment":[{"href":"https:\/\/park-pelister.com\/sq\/wp-json\/wp\/v2\/media?parent=284"}],"curies":[{"name":"wp","href":"https:\/\/api.w.org\/{rel}","templated":true}]}}