{"id":2073,"date":"2020-06-12T04:54:44","date_gmt":"2020-06-12T04:54:44","guid":{"rendered":"http:\/\/pelister.development.ivote.mk\/?page_id=2073"},"modified":"2020-09-09T19:24:52","modified_gmt":"2020-09-09T19:24:52","slug":"%d0%bf%d0%be%d1%81%d1%82%d0%be%d1%98%d0%b0%d0%bd%d0%b0-%d0%b8%d0%b7%d0%bb%d0%be%d0%b6%d0%b1%d0%b0-%d0%bf%d1%80%d0%b2%d0%b0-%d1%81%d0%b2%d0%b5%d1%82%d1%81%d0%ba%d0%b0-%d0%b2%d0%be%d1%98%d0%bd","status":"publish","type":"page","link":"https:\/\/park-pelister.com\/sq\/exhibitions-museums\/%d0%bf%d0%be%d1%81%d1%82%d0%be%d1%98%d0%b0%d0%bd%d0%b0-%d0%b8%d0%b7%d0%bb%d0%be%d0%b6%d0%b1%d0%b0-%d0%bf%d1%80%d0%b2%d0%b0-%d1%81%d0%b2%d0%b5%d1%82%d1%81%d0%ba%d0%b0-%d0%b2%d0%be%d1%98%d0%bd\/","title":{"rendered":"Ekspozita e p\u00ebrhershme &#8211; Lufta e Par\u00eb Bot\u00ebrore."},"content":{"rendered":"<p><strong>Ekspozita e p\u00ebrhershme &#8211; Lufta e Par\u00eb Bot\u00ebrore.<\/strong><\/p>\n<p><img loading=\"lazy\" class=\"alignnone wp-image-1218\" src=\"http:\/\/pelister.development.ivote.mk\/wp-content\/uploads\/2020\/06\/DSCN5926-300x225.jpg\" alt=\"\" width=\"329\" height=\"247\" srcset=\"https:\/\/park-pelister.com\/wp-content\/uploads\/2020\/06\/DSCN5926-300x225.jpg 300w, https:\/\/park-pelister.com\/wp-content\/uploads\/2020\/06\/DSCN5926.jpg 640w\" sizes=\"(max-width: 329px) 100vw, 329px\" \/>\u00a0 \u00a0 \u00a0 \u00a0 \u00a0 <img loading=\"lazy\" class=\"alignnone wp-image-1214\" src=\"http:\/\/pelister.development.ivote.mk\/wp-content\/uploads\/2020\/06\/DSCN5881-300x225.jpg\" alt=\"\" width=\"330\" height=\"247\" srcset=\"https:\/\/park-pelister.com\/wp-content\/uploads\/2020\/06\/DSCN5881-300x225.jpg 300w, https:\/\/park-pelister.com\/wp-content\/uploads\/2020\/06\/DSCN5881.jpg 640w\" sizes=\"(max-width: 330px) 100vw, 330px\" \/><\/p>\n<p>Brenda Parkut Komb\u00ebtar Pelister ekziston nj\u00eb shteg i ve\u00e7ant\u00eb p\u00ebr sh\u00ebtitje, i quajtur Gjurma Historike, kushtuar ngjarjeve t\u00eb Luft\u00ebs s\u00eb Par\u00eb Bot\u00ebrore dhe ngjarjeve t\u00eb Pelisterit,malit\u00a0 Baba dhe Manastirit dhe zon\u00ebs p\u00ebrreth. P\u00ebrve\u00e7 shenjave t\u00eb shumta n\u00eb tabelat n\u00eb shteg, e cila fillon nga Qendra e Informacionit dhe t\u00eb \u00e7on n\u00eb Hotel Molika, Qendra e Informacionit ka edhe nj\u00eb ekspozit\u00eb t\u00eb p\u00ebrhershme t\u00eb fotografive nga Lufta e Par\u00eb Bot\u00ebrore.<\/p>\n<p><img loading=\"lazy\" class=\"alignnone wp-image-1211\" src=\"http:\/\/pelister.development.ivote.mk\/wp-content\/uploads\/2020\/06\/DSC_0017-300x201.jpg\" alt=\"\" width=\"371\" height=\"248\" srcset=\"https:\/\/park-pelister.com\/wp-content\/uploads\/2020\/06\/DSC_0017-300x201.jpg 300w, https:\/\/park-pelister.com\/wp-content\/uploads\/2020\/06\/DSC_0017-1024x685.jpg 1024w, https:\/\/park-pelister.com\/wp-content\/uploads\/2020\/06\/DSC_0017-768x514.jpg 768w, https:\/\/park-pelister.com\/wp-content\/uploads\/2020\/06\/DSC_0017-1536x1028.jpg 1536w, https:\/\/park-pelister.com\/wp-content\/uploads\/2020\/06\/DSC_0017-2048x1371.jpg 2048w\" sizes=\"(max-width: 371px) 100vw, 371px\" \/>\u00a0 \u00a0 \u00a0\u00a0 \u00a0\u00a0<img loading=\"lazy\" class=\"alignnone wp-image-1216\" src=\"http:\/\/pelister.development.ivote.mk\/wp-content\/uploads\/2020\/06\/DSCN5901-300x282.jpg\" alt=\"\" width=\"260\" height=\"245\" srcset=\"https:\/\/park-pelister.com\/wp-content\/uploads\/2020\/06\/DSCN5901-300x282.jpg 300w, https:\/\/park-pelister.com\/wp-content\/uploads\/2020\/06\/DSCN5901.jpg 511w\" sizes=\"(max-width: 260px) 100vw, 260px\" \/><\/p>\n<p>Karakteristike p\u00ebr ato fotografi dhe t\u00eb dh\u00ebnat e deklaruara \u00ebsht\u00eb se shumica e tyre jan\u00eb marr\u00eb n\u00eb terrenet e Pelisterit dhe malit Baba, n\u00eb periudh\u00ebn nga 1914-1917 dhe d\u00ebshmojn\u00eb p\u00ebr ngjarjet n\u00eb pjes\u00ebn lokale t\u00eb Maqedonis\u00eb ose t\u00eb ashtuquajturat. Fronti i Selanikut. N\u00eb at\u00eb koh\u00eb, deri n\u00eb p\u00ebrparimin n\u00eb an\u00ebn e Antant\u00ebs, Pelisteri dhe mali Baba ishin k\u00ebshtjellat kryesore t\u00eb Forcave Qendrore, t\u00eb cilat ishin vendosur n\u00eb k\u00ebt\u00eb mal.<\/p>","protected":false},"excerpt":{"rendered":"<p>Ekspozita e p\u00ebrhershme &#8211; Lufta e Par\u00eb Bot\u00ebrore. \u00a0 \u00a0 \u00a0 \u00a0 \u00a0 Brenda Parkut Komb\u00ebtar Pelister ekziston nj\u00eb shteg i ve\u00e7ant\u00eb p\u00ebr sh\u00ebtitje, i quajtur Gjurma Historike, kushtuar ngjarjeve t\u00eb Luft\u00ebs s\u00eb Par\u00eb Bot\u00ebrore dhe ngjarjeve t\u00eb Pelisterit,malit\u00a0 Baba dhe Manastirit dhe zon\u00ebs p\u00ebrreth. P\u00ebrve\u00e7 shenjave t\u00eb shumta n\u00eb tabelat n\u00eb shteg, e cila [&hellip;]<\/p>\n","protected":false},"author":2,"featured_media":0,"parent":284,"menu_order":0,"comment_status":"closed","ping_status":"closed","template":"template-main.php","meta":[],"_links":{"self":[{"href":"https:\/\/park-pelister.com\/sq\/wp-json\/wp\/v2\/pages\/2073"}],"collection":[{"href":"https:\/\/park-pelister.com\/sq\/wp-json\/wp\/v2\/pages"}],"about":[{"href":"https:\/\/park-pelister.com\/sq\/wp-json\/wp\/v2\/types\/page"}],"author":[{"embeddable":true,"href":"https:\/\/park-pelister.com\/sq\/wp-json\/wp\/v2\/users\/2"}],"replies":[{"embeddable":true,"href":"https:\/\/park-pelister.com\/sq\/wp-json\/wp\/v2\/comments?post=2073"}],"version-history":[{"count":0,"href":"https:\/\/park-pelister.com\/sq\/wp-json\/wp\/v2\/pages\/2073\/revisions"}],"up":[{"embeddable":true,"href":"https:\/\/park-pelister.com\/sq\/wp-json\/wp\/v2\/pages\/284"}],"wp:attachment":[{"href":"https:\/\/park-pelister.com\/sq\/wp-json\/wp\/v2\/media?parent=2073"}],"curies":[{"name":"wp","href":"https:\/\/api.w.org\/{rel}","templated":true}]}}