{"id":2015,"date":"2020-06-09T08:21:47","date_gmt":"2020-06-09T08:21:47","guid":{"rendered":"http:\/\/pelister.development.ivote.mk\/?page_id=2015"},"modified":"2020-09-09T19:35:17","modified_gmt":"2020-09-09T19:35:17","slug":"%d0%b4%d0%b5%d0%bd-%d0%bd%d0%b0-%d0%bf%d0%be%d1%82%d0%bf%d0%b5%d0%bb%d0%b8%d1%81%d1%82%d0%b5%d1%80%d1%81%d0%ba%d0%b8-%d0%bf%d1%80%d0%be%d0%b8%d0%b7%d0%b2%d0%be%d0%b4%d0%b8","status":"publish","type":"page","link":"https:\/\/park-pelister.com\/sq\/%d1%84%d0%be%d0%bb%d0%ba%d0%bb%d0%be%d1%80%d0%bd%d0%b8-%d0%bd%d0%b0%d1%81%d1%82%d0%b0%d0%bd%d0%b8\/%d0%b4%d0%b5%d0%bd-%d0%bd%d0%b0-%d0%bf%d0%be%d1%82%d0%bf%d0%b5%d0%bb%d0%b8%d1%81%d1%82%d0%b5%d1%80%d1%81%d0%ba%d0%b8-%d0%bf%d1%80%d0%be%d0%b8%d0%b7%d0%b2%d0%be%d0%b4%d0%b8\/","title":{"rendered":"DITA E PRODUKTEVE n\u00ebn Pelister \u2013 PANAIR I PAR\u00cb I PRODUKTEVE LOKALE"},"content":{"rendered":"<p>DITA E PRODUKTEVE n\u00ebn Pelister \u2013 PANAIR I PAR\u00cb I PRODUKTEVE LOKALE<\/p>\n<p>Organizuar nga Komuna e Manastirit dhe grupi lokal p\u00ebr zhvillim rural, n\u00ebn kujdesin e kryetarit Vladimir Taleski, u mbajt panairi i par\u00eb i produkteve dhe sh\u00ebrbimeve vendore n\u00eb rajonin n\u00ebn-Pelister.<\/p>\n<p><img loading=\"lazy\" class=\"alignnone size-medium wp-image-2001\" src=\"http:\/\/pelister.development.ivote.mk\/wp-content\/uploads\/2020\/06\/SaemPotpelisterski2010-5-300x197.jpg\" alt=\"\" width=\"300\" height=\"197\" srcset=\"https:\/\/park-pelister.com\/wp-content\/uploads\/2020\/06\/SaemPotpelisterski2010-5-300x197.jpg 300w, https:\/\/park-pelister.com\/wp-content\/uploads\/2020\/06\/SaemPotpelisterski2010-5.jpg 350w\" sizes=\"(max-width: 300px) 100vw, 300px\" \/>\u00a0 \u00a0 <img loading=\"lazy\" class=\"alignnone size-medium wp-image-1999\" src=\"http:\/\/pelister.development.ivote.mk\/wp-content\/uploads\/2020\/06\/PotpelisterskiProizvodi2008-5-300x200.jpg\" alt=\"\" width=\"300\" height=\"200\" srcset=\"https:\/\/park-pelister.com\/wp-content\/uploads\/2020\/06\/PotpelisterskiProizvodi2008-5-300x200.jpg 300w, https:\/\/park-pelister.com\/wp-content\/uploads\/2020\/06\/PotpelisterskiProizvodi2008-5.jpg 350w\" sizes=\"(max-width: 300px) 100vw, 300px\" \/><\/p>\n<p>Q\u00ebllimi i panairit \u00ebsht\u00eb p\u00ebrmes promovimit dhe shitjes s\u00eb produkteve tradicionale vendase p\u00ebr t\u00eb krijuar mund\u00ebsi p\u00ebr zhvillimin e turizmit alternativ, p\u00ebrdorimin e q\u00ebndruesh\u00ebm t\u00eb burimeve natyrore dhe ribrendimin e produkteve tradicionale nga rajoni, me q\u00ebllim t\u00eb p\u00ebrmir\u00ebsimit t\u00eb kushteve t\u00eb jetes\u00ebs s\u00eb popullat\u00ebs rurale n\u00eb rajonin n\u00ebn-Pelister.<\/p>\n<p>Mbi 60 fermer\u00eb vendas, zejtar\u00eb, caterier\u00eb dhe prodhues t\u00eb tjer\u00eb vendas nga t\u00eb kat\u00ebr fshatrat: Dihovo, Nizhepole, Trnovo dhe Magarevo u prezantuan n\u00eb k\u00ebt\u00eb panair.<\/p>\n<p>&nbsp;<\/p>\n<p>PANAIRI I PRODUKTEVE LOKALE; SH\u00cbRBIMEVE DHE PROMOVIMI I MJESHT\u00cbRIVE T\u00cb VJETRA<\/p>\n<p>Komuna e Manastirit s\u00eb bashku me Forumin e Asociacionit p\u00ebr Iniciativ\u00ebn Rurale FORIN PLUS, n\u00ebn kujdesin e kryetarit Taleski dhe k\u00ebt\u00eb vit tradicionalisht p\u00ebr her\u00eb t\u00eb tret\u00eb organizuan nj\u00eb ngjarje &#8220;DITA E PRODUKTEVE N\u00cbN PELISTER&#8221; n\u00eb oborrin e Kish\u00ebs Bogorodica &#8211; Trnovo.<\/p>\n<p><img loading=\"lazy\" class=\"alignnone size-medium wp-image-1998\" src=\"http:\/\/pelister.development.ivote.mk\/wp-content\/uploads\/2020\/06\/PotpelisterskiProizvodi2008-4-300x200.jpg\" alt=\"\" width=\"300\" height=\"200\" srcset=\"https:\/\/park-pelister.com\/wp-content\/uploads\/2020\/06\/PotpelisterskiProizvodi2008-4-300x200.jpg 300w, https:\/\/park-pelister.com\/wp-content\/uploads\/2020\/06\/PotpelisterskiProizvodi2008-4.jpg 350w\" sizes=\"(max-width: 300px) 100vw, 300px\" \/>\u00a0 \u00a0 \u00a0<img loading=\"lazy\" class=\"alignnone size-medium wp-image-1997\" src=\"http:\/\/pelister.development.ivote.mk\/wp-content\/uploads\/2020\/06\/PotpelisterskiProizvodi2008-3-300x200.jpg\" alt=\"\" width=\"300\" height=\"200\" srcset=\"https:\/\/park-pelister.com\/wp-content\/uploads\/2020\/06\/PotpelisterskiProizvodi2008-3-300x200.jpg 300w, https:\/\/park-pelister.com\/wp-content\/uploads\/2020\/06\/PotpelisterskiProizvodi2008-3.jpg 350w\" sizes=\"(max-width: 300px) 100vw, 300px\" \/><\/p>\n<p>N\u00eb ngjarjen e k\u00ebtij viti, subjektet afariste dhe individ\u00eb nga fshatrat Trnovo-Magarevo, NizhePole, Dihovo, Malovishte Capari, Rotino, Bratindol dhe fshatra t\u00eb tjera n\u00ebn-Pelister ekspozuan produktet e tyre. P\u00ebrve\u00e7 promovimit t\u00eb produkteve dhe sh\u00ebrbimeve tradicionale vendase, u promovuan edhe artizanatet tradicionale t\u00eb vjetra.<\/p>\n<p>Q\u00ebllimi i ngjarjes \u00ebsht\u00eb t\u00eb p\u00ebrmir\u00ebsoj\u00eb kushtet e jetes\u00ebs s\u00eb popullat\u00ebs rurale n\u00eb rajonin n\u00ebn-Pelister duke promovuar dhe shitur prodhime vendore bujq\u00ebsore dhe vendase, me q\u00ebllim zhvillimin e turizmit alternativ dhe p\u00ebrdorimin e q\u00ebndruesh\u00ebm t\u00eb burimeve natyrore.<\/p>\n<p>Panairi mund\u00ebson p\u00ebrdorim m\u00eb t\u00eb madh t\u00eb produkteve tradicionale n\u00eb jet\u00ebn e p\u00ebrditshme, inicimin e markave t\u00eb produkteve tradicionale, forcimin e lidhjes midis popullat\u00ebs rurale dhe bizneseve lokale q\u00eb do t\u00eb mund\u00ebsojn\u00eb krijimin e vendeve t\u00eb reja t\u00eb pun\u00ebs dhe zhvillimin ekonomik t\u00eb rajonit.<\/p>\n<p><a href=\"http:\/\/www.bitola.gov.mk\/potpelisterskiproizvodi2010\/\">http:\/\/www.bitola.gov.mk\/potpelisterskiproizvodi2010\/<\/a><\/p>","protected":false},"excerpt":{"rendered":"<p>DITA E PRODUKTEVE n\u00ebn Pelister \u2013 PANAIR I PAR\u00cb I PRODUKTEVE LOKALE Organizuar nga Komuna e Manastirit dhe grupi lokal p\u00ebr zhvillim rural, n\u00ebn kujdesin e kryetarit Vladimir Taleski, u mbajt panairi i par\u00eb i produkteve dhe sh\u00ebrbimeve vendore n\u00eb rajonin n\u00ebn-Pelister. \u00a0 \u00a0 Q\u00ebllimi i panairit \u00ebsht\u00eb p\u00ebrmes promovimit dhe shitjes s\u00eb produkteve tradicionale [&hellip;]<\/p>\n","protected":false},"author":2,"featured_media":1996,"parent":1986,"menu_order":0,"comment_status":"closed","ping_status":"closed","template":"template-folklore-events.php","meta":[],"_links":{"self":[{"href":"https:\/\/park-pelister.com\/sq\/wp-json\/wp\/v2\/pages\/2015"}],"collection":[{"href":"https:\/\/park-pelister.com\/sq\/wp-json\/wp\/v2\/pages"}],"about":[{"href":"https:\/\/park-pelister.com\/sq\/wp-json\/wp\/v2\/types\/page"}],"author":[{"embeddable":true,"href":"https:\/\/park-pelister.com\/sq\/wp-json\/wp\/v2\/users\/2"}],"replies":[{"embeddable":true,"href":"https:\/\/park-pelister.com\/sq\/wp-json\/wp\/v2\/comments?post=2015"}],"version-history":[{"count":0,"href":"https:\/\/park-pelister.com\/sq\/wp-json\/wp\/v2\/pages\/2015\/revisions"}],"up":[{"embeddable":true,"href":"https:\/\/park-pelister.com\/sq\/wp-json\/wp\/v2\/pages\/1986"}],"wp:featuredmedia":[{"embeddable":true,"href":"https:\/\/park-pelister.com\/sq\/wp-json\/wp\/v2\/media\/1996"}],"wp:attachment":[{"href":"https:\/\/park-pelister.com\/sq\/wp-json\/wp\/v2\/media?parent=2015"}],"curies":[{"name":"wp","href":"https:\/\/api.w.org\/{rel}","templated":true}]}}