{"id":2006,"date":"2020-06-09T07:23:19","date_gmt":"2020-06-09T07:23:19","guid":{"rendered":"http:\/\/pelister.development.ivote.mk\/?page_id=2006"},"modified":"2020-09-09T19:32:43","modified_gmt":"2020-09-09T19:32:43","slug":"2006-2","status":"publish","type":"page","link":"https:\/\/park-pelister.com\/sq\/%d1%84%d0%be%d0%bb%d0%ba%d0%bb%d0%be%d1%80%d0%bd%d0%b8-%d0%bd%d0%b0%d1%81%d1%82%d0%b0%d0%bd%d0%b8\/2006-2\/","title":{"rendered":"Etno Festival &#8211; Malovishte"},"content":{"rendered":"<p><strong>Etno Festival &#8211; Malovishte<\/strong><\/p>\n<p>K\u00ebtu jan\u00eb disa informata t\u00eb ruajtura n\u00ebp\u00ebr artikuj n\u00eb lidhje me k\u00ebt\u00eb festival:[<\/p>\n<p><img loading=\"lazy\" class=\"alignnone size-medium wp-image-1995\" src=\"http:\/\/pelister.development.ivote.mk\/wp-content\/uploads\/2020\/06\/malovista01082008-300x225.jpg\" alt=\"\" width=\"300\" height=\"225\" srcset=\"https:\/\/park-pelister.com\/wp-content\/uploads\/2020\/06\/malovista01082008-300x225.jpg 300w, https:\/\/park-pelister.com\/wp-content\/uploads\/2020\/06\/malovista01082008.jpg 340w\" sizes=\"(max-width: 300px) 100vw, 300px\" \/><\/p>\n<p>FESTIVALI I KULTURES VllEHE N\u00cb MALOVISHT\u00cb<\/p>\n<p>M\u00eb 10 gusht t\u00eb k\u00ebtij viti, fshati Manastir Malovishta organizoi &#8220;Etno Festival Malovishta 2003&#8221;, i cili tashm\u00eb \u00ebsht\u00eb nj\u00eb p\u00ebrmbledhje tradicionale e kultur\u00ebs dhe e tradit\u00ebs vllahe. Festivali \u00ebsht\u00eb i organizuar nga Shoqata p\u00ebr Zhvillim t\u00eb Q\u00ebndruesh\u00ebm t\u00eb Malovisht\u00ebs dhe fshatrat n\u00ebn-Pelister nga Manastiri, n\u00eb bashk\u00ebpunim me Komunitetin Lokal dhe Bordin e Kishave nga Malovishta dhe Komun\u00ebn e Vlleh\u00ebve &#8220;V\u00ebllez\u00ebrit Manaki&#8221; nga Manastiri.<\/p>\n<p>Kjo ngjarje shum\u00eb interesante u mbajt n\u00ebn kujdesin e kryetar\u00ebve t\u00eb bashkive t\u00eb komun\u00ebs s\u00eb Caparit, z. Jordan Staninovski dhe Manastiri, z. Zlatko Vrskovski, dhe n\u00eb t\u00eb mor\u00ebn pjes\u00eb shoq\u00ebri kulturore dhe artistike nga Maqedonia, Rumania, Greqia, Bullgaria, Shqip\u00ebria dhe Serbia, si dhe disa artist\u00eb nga Maqedonia.<\/p>\n<p>N\u00eb kuad\u00ebr t\u00eb festivalit, u hap ekspozita &#8220;Malovishta, nj\u00eb tradit\u00eb q\u00eb zgjat&#8221; si pjes\u00eb e nj\u00eb projekti tjet\u00ebr t\u00eb shoqat\u00ebs EKE, n\u00eb kuad\u00ebr t\u00eb programit &#8220;Trash\u00ebgimia e gjall\u00eb&#8221; e Fondacionit Instituti i Shoq\u00ebris\u00eb s\u00eb Hapur &#8211; Maqedonia dhe Fondacioni King Baudouin &#8211; Belgjik\u00eb. M.I.<\/p>\n<p><a href=\"http:\/\/www.gragjanskisvet.org.mk\/defaultf6c6.html?ItemID=4E231D4D4472844395D78FCF5994E3D0\">http:\/\/www.gragjanskisvet.org.mk\/defaultf6c6.html?ItemID=4E231D4D4472844395D78FCF5994E3D0<\/a><\/p>\n<p>&nbsp;<\/p>\n<p><strong><em>Festivali\u00a0 etno &#8220;Malovishta 2008&#8221; do t\u00eb mbahet n\u00eb Manastir<\/em><\/strong><\/p>\n<p>Manastir, 24 korrik (MIA) &#8211; Festivali tradicional i etnos &#8220;Malovishta 2008&#8221; do t\u00eb mbahet p\u00ebr her\u00eb t\u00eb shtat\u00eb k\u00ebt\u00eb fundjav\u00eb n\u00eb Manastir, n\u00ebn fshatin Pelister n\u00eb Malovisht\u00eb.<\/p>\n<p>Festivali \u00ebsht\u00eb i organizuar si nj\u00eb p\u00ebrmbledhje e tradit\u00ebs vllehe dhe synon t\u00eb promovoj\u00eb fshatin Malovishta si vendbanimin e vet\u00ebm n\u00eb Parkun Komb\u00ebtar &#8220;Pelister&#8221;, por edhe kultur\u00ebn vllahe, tha n\u00eb konferenc\u00ebn e sotme p\u00ebr shtyp n\u00eb Manastir Risto Paligora, drejtor i festivalit.<\/p>\n<p>Sipas programit, nj\u00eb ekspozit\u00eb me punime nga &#8220;Manastiri i Vog\u00ebl Montmartre&#8221;, e motivuar nga peizazhet e Malovisht\u00ebs, do t\u00eb hapet t\u00eb Premten n\u00eb mbr\u00ebmje, si pararend\u00ebse e mbr\u00ebmjes s\u00eb k\u00ebng\u00ebs dhe muzik\u00ebs vllehe.<\/p>\n<p>T\u00eb Shtun\u00ebn, organizator\u00ebt shpallin nj\u00eb mbr\u00ebmje me poezi vllahe, si dhe promovimin e dy librave.<\/p>\n<p>K\u00ebt\u00eb vit do t\u00eb promovojm\u00eb librat &#8220;Molovishte-Kronologjia e fshatit&#8221; t\u00eb Niko Popnikola dhe &#8220;Dashuria p\u00ebr atdheun &#8211; poezi mbrojt\u00ebse&#8221; nga Victoria Tola, tha Paligora.<\/p>\n<p>http:\/\/www.idividi.com.mk\/vesti\/makedonija\/457987\/<\/p>","protected":false},"excerpt":{"rendered":"<p>Etno Festival &#8211; Malovishte K\u00ebtu jan\u00eb disa informata t\u00eb ruajtura n\u00ebp\u00ebr artikuj n\u00eb lidhje me k\u00ebt\u00eb festival:[ FESTIVALI I KULTURES VllEHE N\u00cb MALOVISHT\u00cb M\u00eb 10 gusht t\u00eb k\u00ebtij viti, fshati Manastir Malovishta organizoi &#8220;Etno Festival Malovishta 2003&#8221;, i cili tashm\u00eb \u00ebsht\u00eb nj\u00eb p\u00ebrmbledhje tradicionale e kultur\u00ebs dhe e tradit\u00ebs vllahe. Festivali \u00ebsht\u00eb i organizuar nga [&hellip;]<\/p>\n","protected":false},"author":2,"featured_media":1995,"parent":1986,"menu_order":0,"comment_status":"closed","ping_status":"closed","template":"template-folklore-events.php","meta":[],"_links":{"self":[{"href":"https:\/\/park-pelister.com\/sq\/wp-json\/wp\/v2\/pages\/2006"}],"collection":[{"href":"https:\/\/park-pelister.com\/sq\/wp-json\/wp\/v2\/pages"}],"about":[{"href":"https:\/\/park-pelister.com\/sq\/wp-json\/wp\/v2\/types\/page"}],"author":[{"embeddable":true,"href":"https:\/\/park-pelister.com\/sq\/wp-json\/wp\/v2\/users\/2"}],"replies":[{"embeddable":true,"href":"https:\/\/park-pelister.com\/sq\/wp-json\/wp\/v2\/comments?post=2006"}],"version-history":[{"count":0,"href":"https:\/\/park-pelister.com\/sq\/wp-json\/wp\/v2\/pages\/2006\/revisions"}],"up":[{"embeddable":true,"href":"https:\/\/park-pelister.com\/sq\/wp-json\/wp\/v2\/pages\/1986"}],"wp:featuredmedia":[{"embeddable":true,"href":"https:\/\/park-pelister.com\/sq\/wp-json\/wp\/v2\/media\/1995"}],"wp:attachment":[{"href":"https:\/\/park-pelister.com\/sq\/wp-json\/wp\/v2\/media?parent=2006"}],"curies":[{"name":"wp","href":"https:\/\/api.w.org\/{rel}","templated":true}]}}