{"id":105,"date":"2020-04-23T10:36:15","date_gmt":"2020-04-23T10:36:15","guid":{"rendered":"http:\/\/localhost\/pelister\/?page_id=105"},"modified":"2020-09-09T05:46:18","modified_gmt":"2020-09-09T05:46:18","slug":"climate","status":"publish","type":"page","link":"https:\/\/park-pelister.com\/sq\/climate\/","title":{"rendered":"Klima"},"content":{"rendered":"<p>Pjesa jugper\u00ebndimore e Maqedonis\u00eb, ku ndodhet Mali Baba, ka nj\u00eb klim\u00eb t\u00eb but\u00eb kontinentale.<\/p>\n<p>Klima n\u00eb Parkun Komb\u00ebtar Pelister \u00ebsht\u00eb tipike malore duke marr\u00eb parasysh lart\u00ebsin\u00eb mbi 891 m.<\/p>\n<p>Dimrat n\u00eb Park jan\u00eb t\u00eb gjat\u00eb dhe me d\u00ebbor\u00eb, nd\u00ebrsa verat jan\u00eb t\u00eb shkurtra dhe t\u00eb fresk\u00ebta. Muajt \u200b\u200bm\u00eb t\u00eb ftoht\u00eb jan\u00eb janari dhe shkurti, dhe m\u00eb t\u00eb ngrohtat jan\u00eb korriku dhe gushti.<\/p>\n<p>Reshjet jan\u00eb m\u00eb t\u00eb larta n\u00eb tetor dhe dhjetor, dhe gjat\u00eb muajit maj.. Gjat\u00eb ver\u00ebs, 16.5% e totalit t\u00eb reshjeve vjetore bje.Mbulesa e bor\u00ebs zgjat nga n\u00ebntori deri n\u00eb prill, n\u00eb pjes\u00ebt m\u00eb t\u00eb larta deri n\u00eb fund t\u00eb majit, dhe mbetje m\u00eb t\u00eb vogla deri n\u00eb korrik.<\/p>\n<p>Matjet p\u00ebr sasin\u00eb e reshjeve dhe temperatur\u00ebn n\u00eb Parkun Komb\u00ebtar Pelister\u00a0 u kryen vet\u00ebm n\u00eb periudh\u00ebn 1932-1940 kur kishte nj\u00eb stacion meteorologjik n\u00eb Park n\u00eb nj\u00eb lokacion af\u00ebr Pushimores t\u00eb F\u00ebmij\u00ebve.<\/p>","protected":false},"excerpt":{"rendered":"<p>Pjesa jugper\u00ebndimore e Maqedonis\u00eb, ku ndodhet Mali Baba, ka nj\u00eb klim\u00eb t\u00eb but\u00eb kontinentale. Klima n\u00eb Parkun Komb\u00ebtar Pelister \u00ebsht\u00eb tipike malore duke marr\u00eb parasysh lart\u00ebsin\u00eb mbi 891 m. Dimrat n\u00eb Park jan\u00eb t\u00eb gjat\u00eb dhe me d\u00ebbor\u00eb, nd\u00ebrsa verat jan\u00eb t\u00eb shkurtra dhe t\u00eb fresk\u00ebta. Muajt \u200b\u200bm\u00eb t\u00eb ftoht\u00eb jan\u00eb janari dhe shkurti, dhe [&hellip;]<\/p>\n","protected":false},"author":1,"featured_media":11,"parent":0,"menu_order":0,"comment_status":"closed","ping_status":"closed","template":"template-climate.php","meta":[],"_links":{"self":[{"href":"https:\/\/park-pelister.com\/sq\/wp-json\/wp\/v2\/pages\/105"}],"collection":[{"href":"https:\/\/park-pelister.com\/sq\/wp-json\/wp\/v2\/pages"}],"about":[{"href":"https:\/\/park-pelister.com\/sq\/wp-json\/wp\/v2\/types\/page"}],"author":[{"embeddable":true,"href":"https:\/\/park-pelister.com\/sq\/wp-json\/wp\/v2\/users\/1"}],"replies":[{"embeddable":true,"href":"https:\/\/park-pelister.com\/sq\/wp-json\/wp\/v2\/comments?post=105"}],"version-history":[{"count":0,"href":"https:\/\/park-pelister.com\/sq\/wp-json\/wp\/v2\/pages\/105\/revisions"}],"wp:featuredmedia":[{"embeddable":true,"href":"https:\/\/park-pelister.com\/sq\/wp-json\/wp\/v2\/media\/11"}],"wp:attachment":[{"href":"https:\/\/park-pelister.com\/sq\/wp-json\/wp\/v2\/media?parent=105"}],"curies":[{"name":"wp","href":"https:\/\/api.w.org\/{rel}","templated":true}]}}