{"id":61,"date":"2020-04-22T14:43:27","date_gmt":"2020-04-22T14:43:27","guid":{"rendered":"http:\/\/localhost\/pelister\/?post_type=floras&#038;p=61"},"modified":"2020-09-13T07:04:03","modified_gmt":"2020-09-13T07:04:03","slug":"flower-name-1","status":"publish","type":"floras","link":"https:\/\/park-pelister.com\/sq\/floras\/flower-name-1\/","title":{"rendered":"Myshqet"},"content":{"rendered":"<p>1034 taksone t\u00eb bim\u00ebve u p\u00ebrfshin\u00eb n\u00eb Shtojc\u00ebn e Planit t\u00eb Menaxhimit t\u00eb PK &#8220;Pelister&#8221; nga viti 2006. Nga k\u00ebto, 21 ishin myshqe (Bryophyta u Marchantiophyta). Hulumtimet shtes\u00eb n\u00eb vitin 2019 shtuan rreth 273 lloje t\u00eb reja t\u00eb myshkut, kryesisht nga ekipi hulumtues nga Finlanda, dhe mbi t\u00eb gjitha nga Kimmo Syrjanen. K\u00ebshtu, flora e PK &#8220;Pelister&#8221; tani p\u00ebrfaq\u00ebsohet nga t\u00eb pakt\u00ebn 1307 takson\u00eb.<\/p>\n<p><img loading=\"lazy\" class=\"alignnone size-medium wp-image-626\" src=\"http:\/\/pelister.development.ivote.mk\/wp-content\/uploads\/2020\/04\/Magarevska-river-so-Fontinalis-antipiretica-300x192.jpg\" alt=\"\" width=\"300\" height=\"192\" srcset=\"https:\/\/park-pelister.com\/wp-content\/uploads\/2020\/04\/Magarevska-river-so-Fontinalis-antipiretica-300x192.jpg 300w, https:\/\/park-pelister.com\/wp-content\/uploads\/2020\/04\/Magarevska-river-so-Fontinalis-antipiretica-768x492.jpg 768w, https:\/\/park-pelister.com\/wp-content\/uploads\/2020\/04\/Magarevska-river-so-Fontinalis-antipiretica.jpg 800w\" sizes=\"(max-width: 300px) 100vw, 300px\" \/><\/p>\n<p>Willow Frontalis piretica Willow, n\u00eb habitatin 3260 Rrjedhat ujore n\u00eb rrafshnalta deri n\u00eb nivelin malor, n\u00eb shumic\u00ebn e p\u00ebrrenjve dhe lumenjve t\u00eb Pelisterit, \u00ebsht\u00eb gjetur myshk i Willow Moss (Fontinalis antipiretica). Ai rritet n\u00eb shk\u00ebmbinj n\u00eb lumenj dhe p\u00ebrrenj, t\u00eb cilat kryesisht karakterizohen nga uj\u00ebra t\u00eb qarta oligotrofike.<\/p>\n<p><img loading=\"lazy\" class=\"alignnone size-medium wp-image-622\" src=\"http:\/\/pelister.development.ivote.mk\/wp-content\/uploads\/2020\/04\/Sphagnum-spp-300x194.jpg\" alt=\"\" width=\"300\" height=\"194\" srcset=\"https:\/\/park-pelister.com\/wp-content\/uploads\/2020\/04\/Sphagnum-spp-300x194.jpg 300w, https:\/\/park-pelister.com\/wp-content\/uploads\/2020\/04\/Sphagnum-spp.jpg 640w\" sizes=\"(max-width: 300px) 100vw, 300px\" \/><\/p>\n<p>N\u00eb habitatin tip 7140 &#8211; af\u00ebr Liqenit t\u00eb Madh dhe t\u00eb Vog\u00ebl \u00ebsht\u00eb gjetur myshku Sphagnum spp.<\/p>\n<p><img loading=\"lazy\" class=\"alignnone size-medium wp-image-621\" src=\"http:\/\/pelister.development.ivote.mk\/wp-content\/uploads\/2020\/04\/Andreaea_rupestris-300x180.jpg\" alt=\"\" width=\"300\" height=\"180\" srcset=\"https:\/\/park-pelister.com\/wp-content\/uploads\/2020\/04\/Andreaea_rupestris-300x180.jpg 300w, https:\/\/park-pelister.com\/wp-content\/uploads\/2020\/04\/Andreaea_rupestris.jpg 640w\" sizes=\"(max-width: 300px) 100vw, 300px\" \/><\/p>\n<p>N\u00eb habitatin 8150 \u00ebsht\u00eb gjetur myshku Andreaea rupestris, i cila \u00ebsht\u00eb nj\u00eb specie e mbrojtur n\u00eb rang komb\u00ebtar, sepse \u00ebsht\u00eb nj\u00eb bim\u00eb e rrall\u00eb n\u00eb flor\u00ebn e R. Maqedonis\u00eb s\u00eb Veriut.<\/p>\n<p><img loading=\"lazy\" class=\"size-medium wp-image-623\" src=\"http:\/\/pelister.development.ivote.mk\/wp-content\/uploads\/2020\/04\/P1010078-copy-300x225.jpg\" alt=\"\" width=\"300\" height=\"225\" srcset=\"https:\/\/park-pelister.com\/wp-content\/uploads\/2020\/04\/P1010078-copy-300x225.jpg 300w, https:\/\/park-pelister.com\/wp-content\/uploads\/2020\/04\/P1010078-copy.jpg 448w\" sizes=\"(max-width: 300px) 100vw, 300px\" \/><\/p>\n<p>Rrjedhat ujore jan\u00eb t\u00eb pasura me myshqe, me nj\u00eb mbizot\u00ebrim t\u00eb lart\u00eb t\u00eb Cratoneuron commutatum ose t\u00eb njohur shkenc\u00ebrisht si Palustriella commutata ose Cratoneuron falcatum.<\/p>\n<p><img loading=\"lazy\" class=\"alignnone size-medium wp-image-625\" src=\"http:\/\/pelister.development.ivote.mk\/wp-content\/uploads\/2020\/04\/Campylium-stellatum-300x219.jpg\" alt=\"\" width=\"300\" height=\"219\" srcset=\"https:\/\/park-pelister.com\/wp-content\/uploads\/2020\/04\/Campylium-stellatum-300x219.jpg 300w, https:\/\/park-pelister.com\/wp-content\/uploads\/2020\/04\/Campylium-stellatum.jpg 606w\" sizes=\"(max-width: 300px) 100vw, 300px\" \/> \u00a0 \u00a0 \u00a0 \u00a0\u00a0 \u00a0 \u00a0 <img loading=\"lazy\" class=\"alignnone size-medium wp-image-624\" src=\"http:\/\/pelister.development.ivote.mk\/wp-content\/uploads\/2020\/04\/Pseudocrossidium-300x225.jpg\" alt=\"\" width=\"300\" height=\"225\" srcset=\"https:\/\/park-pelister.com\/wp-content\/uploads\/2020\/04\/Pseudocrossidium-300x225.jpg 300w, https:\/\/park-pelister.com\/wp-content\/uploads\/2020\/04\/Pseudocrossidium.jpg 448w\" sizes=\"(max-width: 300px) 100vw, 300px\" \/><\/p>\n<p>Habitat 7220 &#8211; Burimet e petifikimit me formimin e tuf\u00ebs (Cratoneuron) jan\u00eb t\u00eb rralla n\u00eb Parkun Komb\u00ebtar Pelister (Sapun\u00e7ica, Gjavato). K\u00ebto vende karakterizohen nga prania e Cratoneuron filicinum \/ sp. Palustriella mosses q\u00eb lul\u00ebzojn\u00eb me uj\u00eb t\u00eb fort\u00eb alkaline.<\/p>\n<p><img loading=\"lazy\" class=\"alignnone size-medium wp-image-569\" src=\"http:\/\/pelister.development.ivote.mk\/wp-content\/uploads\/2020\/05\/Mannia_triandra_a_144540-474800_8893-300x198.jpg\" alt=\"\" width=\"300\" height=\"198\" srcset=\"https:\/\/park-pelister.com\/wp-content\/uploads\/2020\/05\/Mannia_triandra_a_144540-474800_8893-300x198.jpg 300w, https:\/\/park-pelister.com\/wp-content\/uploads\/2020\/05\/Mannia_triandra_a_144540-474800_8893.jpg 640w\" sizes=\"(max-width: 300px) 100vw, 300px\" \/><\/p>\n<p>Habitat 7230 &#8211; Ligatinat alkaline jan\u00eb habitate t\u00eb rralla dhe t\u00eb vogla n\u00eb Pelister. Karakterizohet nga myshqe k\u00ebnetash si Campylium stellatum, Bryum pseudotriquetrum dhe Sphagnum contortum.<\/p>\n<p><img loading=\"lazy\" class=\"alignnone size-medium wp-image-586\" src=\"http:\/\/pelister.development.ivote.mk\/wp-content\/uploads\/2020\/05\/12-bauksbaumia-1-300x212.jpg\" alt=\"\" width=\"300\" height=\"212\" srcset=\"https:\/\/park-pelister.com\/wp-content\/uploads\/2020\/05\/12-bauksbaumia-1-300x212.jpg 300w, https:\/\/park-pelister.com\/wp-content\/uploads\/2020\/05\/12-bauksbaumia-1.jpg 640w\" sizes=\"(max-width: 300px) 100vw, 300px\" \/><\/p>\n<p>Myshku me kapsul\u00eb mbrojt\u00ebse jeshile (Buxbaumia viridis) \u00ebsht\u00eb n\u00eb Direktiv\u00ebn e Habitateve Shtojca II (kodi 1386). N\u00eb PK &#8220;Pelister&#8221; ekziston nj\u00eb popullacion i madh dhe q\u00ebndruesh\u00ebm n\u00eb bredhin e argjendit Mesiah af\u00ebr Palisnipoje. Buxbaumia viridis \u00ebsht\u00eb nj\u00eb myshk i paqart\u00eb. Kapsulat e pjekura jeshile rreth 1 cm t\u00eb gjata jan\u00eb ende mjaft t\u00eb lehta p\u00ebr tu zbuluar. Buxbaumia viridis \u00ebsht\u00eb nj\u00eb specie tipike e pyjeve me rritje t\u00eb vjet\u00ebr me shum\u00eb pem\u00eb q\u00eb prishen dhe nj\u00eb mikroklim\u00eb t\u00eb lag\u00ebsht. Substrati i Buxbaumia viridis zakonisht \u00ebsht\u00eb pem\u00eb halore n\u00eb fazat e kalbjes s\u00eb vonshme (Abies alba, PIcea abies), rrall\u00eb gjendet n\u00eb pem\u00ebn gjether\u00ebn\u00ebse (Populus tremula, Fagus sylvatica). Sidoqoft\u00eb, ndonj\u00ebher\u00eb rritet n\u00eb tok\u00eb humus ose torfe. Buxbaumia viridis u gjet n\u00eb tre site n\u00eb PK Pelister n\u00eb 2018.<\/p>","protected":false},"featured_media":583,"template":"","flora_category":[26],"_links":{"self":[{"href":"https:\/\/park-pelister.com\/sq\/wp-json\/wp\/v2\/floras\/61"}],"collection":[{"href":"https:\/\/park-pelister.com\/sq\/wp-json\/wp\/v2\/floras"}],"about":[{"href":"https:\/\/park-pelister.com\/sq\/wp-json\/wp\/v2\/types\/floras"}],"wp:featuredmedia":[{"embeddable":true,"href":"https:\/\/park-pelister.com\/sq\/wp-json\/wp\/v2\/media\/583"}],"wp:attachment":[{"href":"https:\/\/park-pelister.com\/sq\/wp-json\/wp\/v2\/media?parent=61"}],"wp:term":[{"taxonomy":"flora_category","embeddable":true,"href":"https:\/\/park-pelister.com\/sq\/wp-json\/wp\/v2\/flora_category?post=61"}],"curies":[{"name":"wp","href":"https:\/\/api.w.org\/{rel}","templated":true}]}}