{"id":470,"date":"2020-05-08T06:56:33","date_gmt":"2020-05-08T06:56:33","guid":{"rendered":"http:\/\/pelister.development.ivote.mk\/?post_type=floras&#038;p=470"},"modified":"2020-09-13T07:29:49","modified_gmt":"2020-09-13T07:29:49","slug":"%d1%84%d0%bb%d0%be%d1%80%d0%b0-5-2","status":"publish","type":"floras","link":"https:\/\/park-pelister.com\/sq\/floras\/%d1%84%d0%bb%d0%be%d1%80%d0%b0-5-2\/","title":{"rendered":"Lisi &#8211; Quercus cerris"},"content":{"rendered":"<p><strong>Lisi &#8211; Quercus cerris<\/strong> &#8211; \u00ebsht\u00eb lloji m\u00eb i zakonsh\u00ebm i lisit n\u00eb Pelister nga disa lloje lisi q\u00eb ekzistojn\u00eb k\u00ebtu. Gama e saj shtrihet nga Spanja n\u00eb Azin\u00eb e Vog\u00ebl. Ceri \u00ebsht\u00eb nj\u00eb specie me jet\u00eb t\u00eb gjat\u00eb dhe mund t\u00eb jetoj\u00eb deri n\u00eb 200 vjet. Arrin nj\u00eb lart\u00ebsi prej 30 deri n\u00eb 35 metra dhe nj\u00eb trash\u00ebsi t\u00eb pem\u00ebs 1.3 m. Ajo ka nj\u00eb l\u00ebvore t\u00eb trash\u00eb q\u00eb \u00ebsht\u00eb gri e err\u00ebt dhe\u00a0 gjethe me shk\u00eblqim me nj\u00eb ngjyr\u00eb t\u00eb gjelb\u00ebr intensive. Fruti \u00ebsht\u00eb acorn, i gjat\u00eb rreth 4 cm dhe i gjer\u00eb rreth 2 cm. Deri n\u00eb 1\/3 ose 1\/2 \u00ebsht\u00eb e mbuluar me nj\u00eb kapak (kube). Kupola \u00ebsht\u00eb e mbuluar me stupa l\u00ebkure.<\/p>","protected":false},"featured_media":471,"template":"","flora_category":[4],"_links":{"self":[{"href":"https:\/\/park-pelister.com\/sq\/wp-json\/wp\/v2\/floras\/470"}],"collection":[{"href":"https:\/\/park-pelister.com\/sq\/wp-json\/wp\/v2\/floras"}],"about":[{"href":"https:\/\/park-pelister.com\/sq\/wp-json\/wp\/v2\/types\/floras"}],"wp:featuredmedia":[{"embeddable":true,"href":"https:\/\/park-pelister.com\/sq\/wp-json\/wp\/v2\/media\/471"}],"wp:attachment":[{"href":"https:\/\/park-pelister.com\/sq\/wp-json\/wp\/v2\/media?parent=470"}],"wp:term":[{"taxonomy":"flora_category","embeddable":true,"href":"https:\/\/park-pelister.com\/sq\/wp-json\/wp\/v2\/flora_category?post=470"}],"curies":[{"name":"wp","href":"https:\/\/api.w.org\/{rel}","templated":true}]}}