{"id":662,"date":"2020-05-18T20:57:57","date_gmt":"2020-05-18T20:57:57","guid":{"rendered":"http:\/\/pelister.development.ivote.mk\/?post_type=faunas&#038;p=662"},"modified":"2020-09-13T19:34:26","modified_gmt":"2020-09-13T19:34:26","slug":"%d0%b2%d0%be%d0%b4%d0%be%d0%b7%d0%b5%d0%bc%d1%86%d0%b8","status":"publish","type":"faunas","link":"https:\/\/park-pelister.com\/sq\/faunas\/%d0%b2%d0%be%d0%b4%d0%be%d0%b7%d0%b5%d0%bc%d1%86%d0%b8\/","title":{"rendered":"\u0410mfib\u00ebt"},"content":{"rendered":"<p>T\u00eb dh\u00ebnat e para p\u00ebr amfib\u00ebt n\u00eb malin Baba, dhe k\u00ebshtu n\u00eb NP Pelister, vijn\u00eb nga Nikollovski (1960) p\u00ebr Evrop\u00ebn e Gjelb\u00ebr bretkoc\u00eb (Bufotes viridis). Nj\u00ebzet vjet m\u00eb von\u00eb, hulumtimi sugjeron bretkos\u00ebn evropiane e pyllit (Hyla arborea) dhe bretkoc\u00ebn Marsh (Pelophylax ridibundus), n\u00eb 2004. q\u00eb do t\u00eb shtohet n\u00eb list\u00eb: Zhab\u00eb me bark t\u00eb verdh\u00eb (Bombina variegata) dhe bretkosa rrjedhin (Rana dalmati\u043fa).<\/p>\n<p><img loading=\"lazy\" class=\"alignnone size-medium wp-image-736\" src=\"http:\/\/pelister.development.ivote.mk\/wp-content\/uploads\/2020\/05\/Saren-Dozdovnik-Fire-Salamander-Salamandra-salamandra-copy-300x225.jpg\" alt=\"\" width=\"300\" height=\"225\" srcset=\"https:\/\/park-pelister.com\/wp-content\/uploads\/2020\/05\/Saren-Dozdovnik-Fire-Salamander-Salamandra-salamandra-copy-300x225.jpg 300w, https:\/\/park-pelister.com\/wp-content\/uploads\/2020\/05\/Saren-Dozdovnik-Fire-Salamander-Salamandra-salamandra-copy-768x576.jpg 768w, https:\/\/park-pelister.com\/wp-content\/uploads\/2020\/05\/Saren-Dozdovnik-Fire-Salamander-Salamandra-salamandra-copy.jpg 800w\" sizes=\"(max-width: 300px) 100vw, 300px\" \/>\u00a0 \u00a0 \u00a0 \u00a0 \u00a0 \u00a0 \u00a0 \u00a0 <img loading=\"lazy\" class=\"alignnone wp-image-737\" src=\"http:\/\/pelister.development.ivote.mk\/wp-content\/uploads\/2020\/05\/61-gorska-zaba-1-300x203.jpg\" alt=\"\" width=\"330\" height=\"223\" srcset=\"https:\/\/park-pelister.com\/wp-content\/uploads\/2020\/05\/61-gorska-zaba-1-300x203.jpg 300w, https:\/\/park-pelister.com\/wp-content\/uploads\/2020\/05\/61-gorska-zaba-1.jpg 640w\" sizes=\"(max-width: 330px) 100vw, 330px\" \/><\/p>\n<p>Hulumtimi i par\u00eb sistematik dhe i q\u00ebllimsh\u00ebm u botua n\u00eb 2006 (Sidorovska et al. 2006), Zjarri salamand\u00ebr (Salamandra salamandra), Nj\u00ebri i ri (Lissotriton vulgaris) dhe newti kresht\u00eb maqedonas (Triturus macedonicus), u shtuan. T\u00eb dh\u00ebnat e fundit t\u00eb p\u00ebr Pelister u botuan n\u00eb 2015 dhe 2016, ku u regjistruan newti kresht\u00eb maqedonas (Triturus macedonicus) dhe bretkosa Agile (Rana dalmati\u043fa). Newt Alpine (Ichthyosaura alpestris) \u00ebsht\u00eb regjistruar n\u00eb Malo Ezero, n\u00eb 2013.<\/p>\n<p>Duke p\u00ebrpiluar t\u00eb dh\u00ebnat letrare me hulumtimin n\u00eb terren t\u00eb amfib\u00ebve n\u00eb Pelister, nj\u00eb list\u00eb me 12 lloje t\u00eb amfib\u00ebve u p\u00ebrcaktuan taksat, si m\u00eb posht\u00eb:<\/p>\n<p>Newt alpine &#8211; Ichthyosaura alpestris,<\/p>\n<p>Newt zakonsh\u00ebm &#8211; Lissotriton vulgaris,<\/p>\n<p>Newt i kresht\u00eb maqedonas &#8211; Triturus macedonicus<\/p>\n<p>Salalamander zjarri &#8211; Salamandra salamandra,<\/p>\n<p><img loading=\"lazy\" class=\"alignnone size-medium wp-image-741\" src=\"http:\/\/pelister.development.ivote.mk\/wp-content\/uploads\/2020\/05\/P6120010-copy-1-300x219.jpg\" alt=\"\" width=\"300\" height=\"219\" srcset=\"https:\/\/park-pelister.com\/wp-content\/uploads\/2020\/05\/P6120010-copy-1-300x219.jpg 300w, https:\/\/park-pelister.com\/wp-content\/uploads\/2020\/05\/P6120010-copy-1.jpg 640w\" sizes=\"(max-width: 300px) 100vw, 300px\" \/>\u00a0 \u00a0 \u00a0 \u00a0 \u00a0 \u00a0 \u00a0 \u00a0 <img loading=\"lazy\" class=\"alignnone wp-image-742\" src=\"http:\/\/pelister.development.ivote.mk\/wp-content\/uploads\/2020\/05\/P6080212-copy-1-300x202.jpg\" alt=\"\" width=\"321\" height=\"216\" srcset=\"https:\/\/park-pelister.com\/wp-content\/uploads\/2020\/05\/P6080212-copy-1-300x202.jpg 300w, https:\/\/park-pelister.com\/wp-content\/uploads\/2020\/05\/P6080212-copy-1.jpg 640w\" sizes=\"(max-width: 321px) 100vw, 321px\" \/><\/p>\n<p>Zhab\u00eb me bark t\u00eb verdh\u00eb &#8211; Bombina variegata,<\/p>\n<p>European Toad (Toad Common) &#8211; Bufo bufo,<\/p>\n<p>Zhab\u00eb e gjelb\u00ebr evropiane &#8211; Bufotes viridis,<\/p>\n<p>Bretkosa evropiane &#8211; Hula arborea,<\/p>\n<p>Bretkosa e k\u00ebnet\u00ebs &#8211; Pelophylax ridibundus,<\/p>\n<p>Bretkosa e shkath\u00ebt &#8211; Rana Dalmatina,<\/p>\n<p>Bretkosa e p\u00ebrroit grek &#8211; Rana graeca u<\/p>\n<p>Bretkosa e P\u00ebrbashk\u00ebt &#8211; Rana temporaria.<\/p>\n<p><img loading=\"lazy\" class=\"alignnone wp-image-738\" src=\"http:\/\/pelister.development.ivote.mk\/wp-content\/uploads\/2020\/05\/70-mrmorec-1-300x197.jpg\" alt=\"\" width=\"358\" height=\"235\" srcset=\"https:\/\/park-pelister.com\/wp-content\/uploads\/2020\/05\/70-mrmorec-1-300x197.jpg 300w, https:\/\/park-pelister.com\/wp-content\/uploads\/2020\/05\/70-mrmorec-1.jpg 640w\" sizes=\"(max-width: 358px) 100vw, 358px\" \/>\u00a0 \u00a0 \u00a0 \u00a0 \u00a0 \u00a0 \u00a0 \u00a0 <img loading=\"lazy\" class=\"alignnone size-medium wp-image-743\" src=\"http:\/\/pelister.development.ivote.mk\/wp-content\/uploads\/2020\/05\/P9110046-copy-1-300x238.jpg\" alt=\"\" width=\"300\" height=\"238\" srcset=\"https:\/\/park-pelister.com\/wp-content\/uploads\/2020\/05\/P9110046-copy-1-300x238.jpg 300w, https:\/\/park-pelister.com\/wp-content\/uploads\/2020\/05\/P9110046-copy-1.jpg 606w\" sizes=\"(max-width: 300px) 100vw, 300px\" \/><\/p>\n<p>Dy lloje amfib\u00ebsh me bishta: newt kresht\u00eb maqedonase &#8211; Triturus macedonicus dhe newt Common &#8211; Lissotriton vulgaris shfaqen me vet\u00ebm nj\u00eb t\u00eb dh\u00ebn\u00eb t\u00eb gjetur, n\u00eb kufijt\u00eb e parkut, n\u00eb Liqenin Rotino.<\/p>\n<p>Amfib\u00eb t\u00eb tjer\u00eb, t\u00eb tilla si zhab\u00eb evropiane, zhab\u00eb e gjelb\u00ebr evropiane, zhab\u00eb me bark t\u00eb verdh\u00eb, bretkoc\u00eb peme evropiane, bretkoc\u00eb k\u00ebnet\u00eb dhe bretkoc\u00eb lumore greke, jan\u00eb shp\u00ebrndar\u00eb gjer\u00ebsisht n\u00eb horizontale dhe vertikale n\u00eb t\u00eb gjith\u00eb parkun.<\/p>\n<p><img loading=\"lazy\" class=\"alignnone size-medium wp-image-740\" src=\"http:\/\/pelister.development.ivote.mk\/wp-content\/uploads\/2020\/05\/Gorska-zaba-Agile-frog-Rana-dalmatina-copy-300x223.jpg\" alt=\"\" width=\"300\" height=\"223\" srcset=\"https:\/\/park-pelister.com\/wp-content\/uploads\/2020\/05\/Gorska-zaba-Agile-frog-Rana-dalmatina-copy-300x223.jpg 300w, https:\/\/park-pelister.com\/wp-content\/uploads\/2020\/05\/Gorska-zaba-Agile-frog-Rana-dalmatina-copy.jpg 640w\" sizes=\"(max-width: 300px) 100vw, 300px\" \/>\u00a0 \u00a0 \u00a0 \u00a0 \u00a0 \u00a0 \u00a0 \u00a0 <img loading=\"lazy\" class=\"alignnone wp-image-744\" src=\"http:\/\/pelister.development.ivote.mk\/wp-content\/uploads\/2020\/05\/DSCN0040-1-1-300x218.jpg\" alt=\"\" width=\"306\" height=\"222\" srcset=\"https:\/\/park-pelister.com\/wp-content\/uploads\/2020\/05\/DSCN0040-1-1-300x218.jpg 300w, https:\/\/park-pelister.com\/wp-content\/uploads\/2020\/05\/DSCN0040-1-1.jpg 640w\" sizes=\"(max-width: 306px) 100vw, 306px\" \/><\/p>\n<p>Vet\u00ebm bretkosa e shkath\u00ebt dhe Salamander-i i Zjarrit kan\u00eb nj\u00eb shp\u00ebrndarje vertikale t\u00eb kufizuar deri n\u00eb 1700 m, pasi ato jan\u00eb t\u00eb lidhura ngusht\u00eb me brezin e pyllit.<\/p>\n<p>Gjithashtu, Common Frog ka nj\u00eb shp\u00ebrndarje t\u00eb kufizuar vet\u00ebm n\u00eb p\u00ebrrenjt\u00eb dhe pjes\u00ebt burimore t\u00eb lumenjve n\u00eb nj\u00eb lart\u00ebsi prej 1400 deri 2100 metra mbi nivelin e detit.<\/p>","protected":false},"featured_media":735,"template":"","fauna_category":[11,30],"_links":{"self":[{"href":"https:\/\/park-pelister.com\/sq\/wp-json\/wp\/v2\/faunas\/662"}],"collection":[{"href":"https:\/\/park-pelister.com\/sq\/wp-json\/wp\/v2\/faunas"}],"about":[{"href":"https:\/\/park-pelister.com\/sq\/wp-json\/wp\/v2\/types\/faunas"}],"wp:featuredmedia":[{"embeddable":true,"href":"https:\/\/park-pelister.com\/sq\/wp-json\/wp\/v2\/media\/735"}],"wp:attachment":[{"href":"https:\/\/park-pelister.com\/sq\/wp-json\/wp\/v2\/media?parent=662"}],"wp:term":[{"taxonomy":"fauna_category","embeddable":true,"href":"https:\/\/park-pelister.com\/sq\/wp-json\/wp\/v2\/fauna_category?post=662"}],"curies":[{"name":"wp","href":"https:\/\/api.w.org\/{rel}","templated":true}]}}