{"id":290,"date":"2020-04-28T09:01:00","date_gmt":"2020-04-28T09:01:00","guid":{"rendered":"http:\/\/localhost\/pelister\/?post_type=churches&#038;p=290"},"modified":"2020-09-09T06:32:12","modified_gmt":"2020-09-09T06:32:12","slug":"churce-1","status":"publish","type":"churches","link":"https:\/\/park-pelister.com\/sq\/churches\/churce-1\/","title":{"rendered":"Sh\u00ebn Gjorgji &#8211; Kurbinovo &#8211; monumenti m\u00eb i r\u00ebnd\u00ebsish\u00ebm i kish\u00ebs"},"content":{"rendered":"<p>Sh\u00ebn Gjorgji &#8211; Kurbinovo &#8211; monumenti m\u00eb i r\u00ebnd\u00ebsish\u00ebm i kish\u00ebs<\/p>\n<p>Monumenti m\u00eb i vjet\u00ebr dhe m\u00eb i r\u00ebnd\u00ebsish\u00ebm i kish\u00ebs n\u00eb af\u00ebrsi t\u00eb PK Pelister<\/p>\n<p>&nbsp;<\/p>\n<p>Kisha e Sh\u00ebn Gjorgji Kurbinovo<\/p>\n<p>&nbsp;<\/p>\n<p>N\u00eb vitin e larg\u00ebt 1191, (shek. 12) nj\u00eb grup i vog\u00ebl piktor\u00ebsh pikturuan tempullin modest kushtuar Sh\u00ebn. Gjorgji Fitori, duke krijuar ansamblin artistik m\u00eb t\u00eb vlefsh\u00ebm t\u00eb Mesjet\u00ebs, perla e Rilindjes s\u00eb Presp\u00ebs &#8211; Kisha e Sh\u00ebn George. Me nj\u00eb kontrast t\u00eb pakap\u00ebrcyesh\u00ebm midis t\u00eb jashtmes modeste dhe t\u00eb brendshmes s\u00eb guximshme t\u00eb Rilindjes, n\u00eb gjirin e malit\u00a0 Baba, me shekuj q\u00ebndron sht\u00ebpia modeste e Engj\u00ebllit t\u00eb Kurbinov\u00ebs n\u00ebn rojen vigjilente t\u00eb mbrojt\u00ebsit t\u00eb tij Sh\u00ebn Xhorxh Fitimtar. Stili i studios s\u00eb masterit, n\u00eb fund t\u00eb shekullit t\u00eb 12-t\u00eb, transferohet dhe p\u00ebrdoret n\u00eb katedralet e Pistoia dhe Pisa, qytete n\u00eb rajonin italian t\u00eb Toscana.<\/p>\n<p>Manastiri i Sh\u00ebn Gorgi, i cili n\u00eb vitin 1952 u shpall monument kulture, ndodhet n\u00eb zon\u00ebn e fshatit Kurbinov\u00eb, af\u00ebr Liqenit t\u00eb Presp\u00ebs, n\u00eb rrug\u00ebn Manastir &#8211; Resnj\u00eb, n\u00eb rrug\u00ebn romake &#8220;Via Egnatia&#8221;, n\u00eb kryq\u00ebzimin &#8220;Makazi&#8221; , ku nj\u00eb rrug\u00eb ndan fshatrat e Presp\u00ebs. Pran\u00eb fshatit Asamati, rruga ndahet dhe nj\u00ebra prej deg\u00ebve t\u00eb \u00e7on n\u00eb fshatin Kurbinovo. Rreth 3 km mbi fshatin, posht\u00eb malit t\u00eb Bab\u00ebs, p\u00ebrhapet nj\u00eb pamje e bukur panoramike e Liqenit t\u00eb Presp\u00ebs, ku kisha &#8220;Sh\u00ebn Gjorgji \u201dnj\u00eb nd\u00ebrtes\u00eb e vog\u00ebl, modeste, me nj\u00eb mur, q\u00eb nuk dallohet nga nj\u00eb distanc\u00eb n\u00ebse \u00ebsht\u00eb nj\u00eb kish\u00eb.<\/p>\n<p>Polemika e par\u00eb ishte p\u00ebr datimin e kish\u00ebs. N\u00eb fund t\u00eb vitit 1958, kjo dilem\u00eb u zgjidh, gjat\u00eb punimeve t\u00eb konservimit n\u00ebn udh\u00ebheqjen e A. Nikolovski dhe Z. Bla\u0436\u0438i\u045c, kur u zbulua nj\u00eb mbishkrim nga &#8220;Tabela e ndershme&#8221; n\u00eb pjes\u00ebn veriore t\u00eb altarit &#8211; 25 Prill 1191. N\u00eb vitin 1961, n\u00eb Kongresin e 12-t\u00eb t\u00eb Studiuesve Bizantin\u00eb n\u00eb Oh\u00ebr, u hodh drita e par\u00eb mbi zbulimin dhe r\u00ebnd\u00ebsin\u00eb e kish\u00ebs s\u00eb Sh\u00ebn George.<\/p>\n<p>&nbsp;<\/p>\n<p>Lexoni m\u00eb shum\u00eb p\u00ebr dometh\u00ebnien e madhe t\u00eb k\u00ebtij monumenti n\u00eb faqen e internetit t\u00eb Dioqez\u00ebs Ortodokse Prespa &#8211; Pelagonija (<a href=\"http:\/\/www.pppe.mk\/2017\/sveti-gorgi-kurbinovo-renesansniot-biser-na-prespa\/\">http:\/\/www.pppe.mk\/2017\/sveti-gorgi-kurbinovo-renesansniot-biser-na-prespa\/<\/a>)<\/p>","protected":false},"featured_media":1151,"template":"","_links":{"self":[{"href":"https:\/\/park-pelister.com\/sq\/wp-json\/wp\/v2\/churches\/290"}],"collection":[{"href":"https:\/\/park-pelister.com\/sq\/wp-json\/wp\/v2\/churches"}],"about":[{"href":"https:\/\/park-pelister.com\/sq\/wp-json\/wp\/v2\/types\/churches"}],"wp:featuredmedia":[{"embeddable":true,"href":"https:\/\/park-pelister.com\/sq\/wp-json\/wp\/v2\/media\/1151"}],"wp:attachment":[{"href":"https:\/\/park-pelister.com\/sq\/wp-json\/wp\/v2\/media?parent=290"}],"curies":[{"name":"wp","href":"https:\/\/api.w.org\/{rel}","templated":true}]}}