{"id":1173,"date":"2020-06-03T05:57:29","date_gmt":"2020-06-03T05:57:29","guid":{"rendered":"http:\/\/pelister.development.ivote.mk\/?post_type=churches&#038;p=1173"},"modified":"2020-09-09T19:12:49","modified_gmt":"2020-09-09T19:12:49","slug":"%d1%86%d1%80%d0%ba%d0%b2%d0%b8-%d0%bd%d0%b0-%d0%bf%d1%80%d0%b5%d1%81%d0%bf%d0%b0%d0%bd%d1%81%d0%ba%d0%b0-%d1%81%d1%82%d1%80%d0%b0%d0%bd%d0%b0-%d0%be%d0%b4-%d0%bd%d0%bf-%d0%bf%d0%b5%d0%bb%d0%b8%d1%81","status":"publish","type":"churches","link":"https:\/\/park-pelister.com\/sq\/churches\/%d1%86%d1%80%d0%ba%d0%b2%d0%b8-%d0%bd%d0%b0-%d0%bf%d1%80%d0%b5%d1%81%d0%bf%d0%b0%d0%bd%d1%81%d0%ba%d0%b0-%d1%81%d1%82%d1%80%d0%b0%d0%bd%d0%b0-%d0%be%d0%b4-%d0%bd%d0%bf-%d0%bf%d0%b5%d0%bb%d0%b8%d1%81\/","title":{"rendered":"Kishat n\u00eb an\u00ebn e Presp\u00ebs nga PK Pelister"},"content":{"rendered":"<p><strong>Kishat n\u00eb an\u00ebn e Presp\u00ebs nga PK Pelister<\/strong><\/p>\n<p>N\u00eb an\u00ebn e Presp\u00ebs\u00a0 s\u00eb malit Baba PK Pelister, ngjitur me Kish\u00ebn e Sh\u00ebn Gjorgji n\u00eb fshatin Kurbinovo, \u00ebsht\u00eb Manastiri Slivnica i cili\u00a0 dallon p\u00ebr r\u00ebnd\u00ebsin\u00eb e tij &#8211; d.m.th.Kisha e Manastirit &#8220;Lindja e N\u00ebn\u00ebs m\u00eb t\u00eb Shenjt\u00eb t\u00eb Zotit&#8221; e cila u nd\u00ebrtua dhe u pikturua n\u00eb vitin 1607. Manastiri i Braj\u00e7in\u00ebs\u00a0 duhet p\u00ebrmendur k\u00ebtu poashtu, i cili ndodhet rreth 500 metra n\u00eb lindje t\u00eb fshatit Braj\u00e7ino, me kish\u00ebn &#8220;Sh\u00ebn Petka \u201d.<\/p>\n<p><img loading=\"lazy\" class=\"alignnone size-medium wp-image-1135\" src=\"http:\/\/pelister.development.ivote.mk\/wp-content\/uploads\/2020\/06\/DSC04193-1-300x200.jpg\" alt=\"\" width=\"300\" height=\"200\" srcset=\"https:\/\/park-pelister.com\/wp-content\/uploads\/2020\/06\/DSC04193-1-300x200.jpg 300w, https:\/\/park-pelister.com\/wp-content\/uploads\/2020\/06\/DSC04193-1.jpg 640w\" sizes=\"(max-width: 300px) 100vw, 300px\" \/>\u00a0 \u00a0 \u00a0 \u00a0 \u00a0 \u00a0 \u00a0 \u00a0<img loading=\"lazy\" class=\"alignnone wp-image-1170\" src=\"http:\/\/pelister.development.ivote.mk\/wp-content\/uploads\/2020\/04\/DSC04222-1-copy-300x162.jpg\" alt=\"\" width=\"367\" height=\"198\" srcset=\"https:\/\/park-pelister.com\/wp-content\/uploads\/2020\/04\/DSC04222-1-copy-300x162.jpg 300w, https:\/\/park-pelister.com\/wp-content\/uploads\/2020\/04\/DSC04222-1-copy.jpg 640w\" sizes=\"(max-width: 367px) 100vw, 367px\" \/><\/p>\n<p>&nbsp;<\/p>\n<p><img loading=\"lazy\" class=\"alignnone wp-image-1144\" src=\"http:\/\/pelister.development.ivote.mk\/wp-content\/uploads\/2020\/06\/DSC02272-copy-1-300x221.jpg\" alt=\"\" width=\"299\" height=\"220\" srcset=\"https:\/\/park-pelister.com\/wp-content\/uploads\/2020\/06\/DSC02272-copy-1-300x221.jpg 300w, https:\/\/park-pelister.com\/wp-content\/uploads\/2020\/06\/DSC02272-copy-1.jpg 640w\" sizes=\"(max-width: 299px) 100vw, 299px\" \/>\u00a0 \u00a0 \u00a0 \u00a0 \u00a0 \u00a0 \u00a0<img loading=\"lazy\" class=\"alignnone wp-image-1145\" src=\"http:\/\/pelister.development.ivote.mk\/wp-content\/uploads\/2020\/06\/DSC02376-1-copy-300x200.jpg\" alt=\"\" width=\"324\" height=\"216\" srcset=\"https:\/\/park-pelister.com\/wp-content\/uploads\/2020\/06\/DSC02376-1-copy-300x200.jpg 300w, https:\/\/park-pelister.com\/wp-content\/uploads\/2020\/06\/DSC02376-1-copy.jpg 640w\" sizes=\"(max-width: 324px) 100vw, 324px\" \/><\/p>\n<p>&nbsp;<\/p>\n<p><img loading=\"lazy\" class=\"alignnone wp-image-1146\" src=\"http:\/\/pelister.development.ivote.mk\/wp-content\/uploads\/2020\/06\/DSC05604-2-300x200.jpg\" alt=\"\" width=\"297\" height=\"198\" srcset=\"https:\/\/park-pelister.com\/wp-content\/uploads\/2020\/06\/DSC05604-2-300x200.jpg 300w, https:\/\/park-pelister.com\/wp-content\/uploads\/2020\/06\/DSC05604-2.jpg 640w\" sizes=\"(max-width: 297px) 100vw, 297px\" \/>\u00a0 \u00a0 \u00a0 \u00a0 \u00a0 \u00a0 <img loading=\"lazy\" class=\"alignnone wp-image-1147\" src=\"http:\/\/pelister.development.ivote.mk\/wp-content\/uploads\/2020\/06\/DSC05656-2-300x200.jpg\" alt=\"\" width=\"303\" height=\"202\" srcset=\"https:\/\/park-pelister.com\/wp-content\/uploads\/2020\/06\/DSC05656-2-300x200.jpg 300w, https:\/\/park-pelister.com\/wp-content\/uploads\/2020\/06\/DSC05656-2.jpg 640w\" sizes=\"(max-width: 303px) 100vw, 303px\" \/><\/p>\n<p>&nbsp;<\/p>\n<p>Emri i fshatit dhe emri i nj\u00eb kishe apo manastiri n\u00eb an\u00ebn e Presp\u00ebs (Resnj\u00ebs) &#8211; NP Pelister:<\/p>\n<p>Dolno Dupeni &#8211; Sh\u00ebn N\u00ebna e Zotit dhe Sh\u00ebn Atanas<\/p>\n<p>Ljubojno &#8211; Sh\u00ebn Pjetri dhe Pali, dhe Sh\u00ebn Jovani<\/p>\n<p>Braj\u00e7ino &#8211; Sh\u00ebn Nikolla dhe Sh\u00ebn Petka<\/p>\n<p>Slivnica &#8211; Manastiri &#8211; Sh\u00ebn N\u00ebna e Zotit(sv.Bogorodica\u00a0\u00a0\u00a0\u00a0 )<\/p>\n<p>Strbovo &#8211; Sh\u00ebn Atanas<\/p>\n<p>Vin\u00e7a &#8211; Sh\u00ebn \u00a0\u00a0\u00a0\u00a0\u00a0 GJeorge<\/p>\n<p>Kurbinovo &#8211; Sh\u00ebn GJeorge<\/p>\n<p>Podmochani &#8211; Sh\u00ebn George, dhe Sh\u00ebn Pjetri dhe Pali<\/p>\n<p>Arvati &#8211; Sh\u00ebn Archangel Michael<\/p>\n<p>Rajica &#8211; Sh\u00ebn Nikola<\/p>","protected":false},"featured_media":1183,"template":"","_links":{"self":[{"href":"https:\/\/park-pelister.com\/sq\/wp-json\/wp\/v2\/churches\/1173"}],"collection":[{"href":"https:\/\/park-pelister.com\/sq\/wp-json\/wp\/v2\/churches"}],"about":[{"href":"https:\/\/park-pelister.com\/sq\/wp-json\/wp\/v2\/types\/churches"}],"wp:featuredmedia":[{"embeddable":true,"href":"https:\/\/park-pelister.com\/sq\/wp-json\/wp\/v2\/media\/1183"}],"wp:attachment":[{"href":"https:\/\/park-pelister.com\/sq\/wp-json\/wp\/v2\/media?parent=1173"}],"curies":[{"name":"wp","href":"https:\/\/api.w.org\/{rel}","templated":true}]}}