{"id":793,"date":"2020-05-26T07:07:43","date_gmt":"2020-05-26T07:07:43","guid":{"rendered":"http:\/\/pelister.development.ivote.mk\/?post_type=activity&#038;p=793"},"modified":"2020-11-29T08:30:55","modified_gmt":"2020-11-29T08:30:55","slug":"%d0%b8%d0%bd%d1%84%d0%be%d1%86%d0%b5%d0%bd%d1%82%d0%b0%d1%80-%d0%bf%d0%b5%d0%bb%d0%b8%d1%81%d1%82%d0%b5%d1%80","status":"publish","type":"activity","link":"https:\/\/park-pelister.com\/sq\/activity\/%d0%b8%d0%bd%d1%84%d0%be%d1%86%d0%b5%d0%bd%d1%82%d0%b0%d1%80-%d0%bf%d0%b5%d0%bb%d0%b8%d1%81%d1%82%d0%b5%d1%80\/","title":{"rendered":"Qendra e Informacionit Pelister"},"content":{"rendered":"<p>Qendra e Informacionit e Pelisterit \u00ebsht\u00eb e vendosur n\u00eb vendin t.a.q. 7-Kladenci (7 Burimet ), n\u00eb nd\u00ebrtes\u00ebn e cila ndryshe njihet si &#8220;Vila e Lazos&#8221;. Q\u00ebllimi kryesor i k\u00ebtij objekti \u00ebsht\u00eb informues p\u00ebr vizitor\u00ebt e PK Pelister, sepse ka nj\u00eb hap\u00ebsir\u00eb \u200b\u200bekspozite me dy ekspozita t\u00eb p\u00ebrhershme dhe nj\u00eb sall\u00eb takimesh e cila \u00ebsht\u00eb n\u00eb faz\u00ebn e pajisjes p\u00ebr p\u00ebrkthim t\u00eb nj\u00ebkohsh\u00ebm.<\/p>\n<p><img loading=\"lazy\" class=\"alignnone wp-image-1239\" src=\"http:\/\/pelister.development.ivote.mk\/wp-content\/uploads\/2020\/05\/378510372225700-300x201.jpg\" alt=\"\" width=\"310\" height=\"208\" \/>\u00a0 \u00a0\u00a0 <img loading=\"lazy\" class=\"alignnone wp-image-1236\" src=\"http:\/\/pelister.development.ivote.mk\/wp-content\/uploads\/2020\/05\/378520565558014-300x201.jpg\" alt=\"\" width=\"309\" height=\"207\" \/><\/p>\n<p>Qendra e informimit \u00ebsht\u00eb nj\u00eb vend rekreacioni me nj\u00eb kapacitet t\u00eb vog\u00ebl, por mund t\u00eb p\u00ebrdoret p\u00ebr ekskursione nj\u00ebditore dhe vizita n\u00eb grupe.<\/p>\n<p>Qendra e informacionit ndodhet brenda Kopshtit Botanik &#8211; Arboretum, i cili \u00ebsht\u00eb n\u00eb nd\u00ebrtim e sip\u00ebr. N\u00eb hap\u00ebsir\u00ebn e mbyllur t\u00eb Kopshtit Botanik, duhet t\u00eb mbillen rreth 90 specie bimore druri, t\u00eb cilat mund t\u00eb gjenden n\u00eb Pelister dhe malin Baba. Pritet q\u00eb gjat\u00eb gjysm\u00ebs s\u00eb dyt\u00eb t\u00eb vitit 2020, Kopshti Botanik t\u00eb filloj\u00eb zyrtarisht pun\u00ebn dhe pranimin e vizitor\u00ebve.<\/p>","protected":false},"featured_media":794,"template":"","activitiy_category":[16],"_links":{"self":[{"href":"https:\/\/park-pelister.com\/sq\/wp-json\/wp\/v2\/activity\/793"}],"collection":[{"href":"https:\/\/park-pelister.com\/sq\/wp-json\/wp\/v2\/activity"}],"about":[{"href":"https:\/\/park-pelister.com\/sq\/wp-json\/wp\/v2\/types\/activity"}],"wp:featuredmedia":[{"embeddable":true,"href":"https:\/\/park-pelister.com\/sq\/wp-json\/wp\/v2\/media\/794"}],"wp:attachment":[{"href":"https:\/\/park-pelister.com\/sq\/wp-json\/wp\/v2\/media?parent=793"}],"wp:term":[{"taxonomy":"activitiy_category","embeddable":true,"href":"https:\/\/park-pelister.com\/sq\/wp-json\/wp\/v2\/activitiy_category?post=793"}],"curies":[{"name":"wp","href":"https:\/\/api.w.org\/{rel}","templated":true}]}}