{"id":783,"date":"2020-05-26T05:22:06","date_gmt":"2020-05-26T05:22:06","guid":{"rendered":"http:\/\/pelister.development.ivote.mk\/?post_type=activity&#038;p=783"},"modified":"2020-08-12T09:31:09","modified_gmt":"2020-08-12T09:31:09","slug":"%d0%bf%d0%bb%d0%b0%d0%bd%d0%b8%d0%bd%d0%b0%d1%80%d1%81%d0%ba%d0%b8-%d0%b4%d0%be%d0%bc-%d0%bd%d0%b5%d0%be%d0%bb%d0%b8%d1%86%d0%b0","status":"publish","type":"activity","link":"https:\/\/park-pelister.com\/sq\/activity\/%d0%bf%d0%bb%d0%b0%d0%bd%d0%b8%d0%bd%d0%b0%d1%80%d1%81%d0%ba%d0%b8-%d0%b4%d0%be%d0%bc-%d0%bd%d0%b5%d0%be%d0%bb%d0%b8%d1%86%d0%b0\/","title":{"rendered":"Sht\u00ebpia e malit Neolica"},"content":{"rendered":"<p>Neolica \u00ebsht\u00eb maja e malit Baba, 1,865 metra e lart\u00eb dhe \u00ebsht\u00eb 10 km larg nga qyteti i Manastirit. N\u00eb pjes\u00ebn e sip\u00ebrme ka nj\u00eb p\u00ebrmendore me emrin &#8220;Kujtime&#8221; t\u00eb b\u00ebr\u00eb nga tre pjes\u00eb, nj\u00eb piramid\u00eb q\u00eb p\u00ebrfaq\u00ebson lart\u00ebsin\u00eb, tabel\u00ebn e informacionit dhe nj\u00eb kryq.<\/p>\n<p>Nga maja ka nj\u00eb pamje t\u00eb bukur: n\u00eb veri \u00ebsht\u00eb Mali Baba, n\u00eb jug \u00ebsht\u00eb Mali Nixhe me maj\u00ebn Kajmak\u00e7alan, dhe n\u00eb an\u00ebn lindore lugina e Pellagonis\u00eb shtrihet si tav\u00eb.<\/p>\n<p>Sht\u00ebpia malore Neolica ishte nd\u00ebrtuar n\u00eb vitet shtat\u00ebdhjet\u00eb nga nj\u00eb grup alpinist\u00ebsh dhe ka nj\u00eb kapacitet prej 50 shtret\u00ebrve, 50 vende p\u00ebr q\u00ebndrim ditor dhe 50 vende p\u00ebrreth sht\u00ebpis\u00eb. N\u00eb k\u00ebt\u00eb sht\u00ebpi, nga Manastiri mund t\u00eb arrihet p\u00ebr 2.30 or\u00eb n\u00eb k\u00ebmb\u00eb p\u00ebrmes fshatit Bukov\u00eb, ose p\u00ebr 1.30 or\u00eb p\u00ebrmes fshatit Llavci. Sht\u00ebpia ka energji elektrike dhe uj\u00eb t\u00eb pijsh\u00ebm t\u00eb fresk\u00ebt malor, dhe p\u00ebr dashamir\u00ebt e seancave malore sht\u00ebpia ka nj\u00eb zgar\u00eb qymyr druri.<\/p>\n<p>Sht\u00ebpia menaxhohet nga Sht\u00ebpia malore &#8220;Gjorgi Naumov&#8221; nga Manastiri. Ndodhet n\u00eb 1.440 metra mbi nivelin e detit. Sht\u00ebpia \u00ebsht\u00eb e hapur, por me nj\u00eb njoftim paraprak.<\/p>","protected":false},"featured_media":788,"template":"","activitiy_category":[16],"_links":{"self":[{"href":"https:\/\/park-pelister.com\/sq\/wp-json\/wp\/v2\/activity\/783"}],"collection":[{"href":"https:\/\/park-pelister.com\/sq\/wp-json\/wp\/v2\/activity"}],"about":[{"href":"https:\/\/park-pelister.com\/sq\/wp-json\/wp\/v2\/types\/activity"}],"wp:featuredmedia":[{"embeddable":true,"href":"https:\/\/park-pelister.com\/sq\/wp-json\/wp\/v2\/media\/788"}],"wp:attachment":[{"href":"https:\/\/park-pelister.com\/sq\/wp-json\/wp\/v2\/media?parent=783"}],"wp:term":[{"taxonomy":"activitiy_category","embeddable":true,"href":"https:\/\/park-pelister.com\/sq\/wp-json\/wp\/v2\/activitiy_category?post=783"}],"curies":[{"name":"wp","href":"https:\/\/api.w.org\/{rel}","templated":true}]}}