{"id":146,"date":"2020-04-23T14:54:17","date_gmt":"2020-04-23T14:54:17","guid":{"rendered":"http:\/\/localhost\/pelister\/?post_type=activity&#038;p=146"},"modified":"2020-09-12T05:24:40","modified_gmt":"2020-09-12T05:24:40","slug":"%d0%bf%d0%b0%d1%82%d0%b5%d0%ba%d0%b0-%d0%b3%d0%be%d0%bb%d0%b5%d0%bc%d0%be-%d0%b5%d0%b7%d0%b5%d1%80%d0%be","status":"publish","type":"activity","link":"https:\/\/park-pelister.com\/sq\/activity\/%d0%bf%d0%b0%d1%82%d0%b5%d0%ba%d0%b0-%d0%b3%d0%be%d0%bb%d0%b5%d0%bc%d0%be-%d0%b5%d0%b7%d0%b5%d1%80%d0%be\/","title":{"rendered":"Info Qendra \u2013 Liqeni i Madh"},"content":{"rendered":"<p><strong>Rruga e bi\u00e7ikletave: Info Qendra &#8211; Liqeni i Madh<\/strong><\/p>\n<p><img loading=\"lazy\" class=\"alignnone size-medium wp-image-927\" src=\"http:\/\/pelister.development.ivote.mk\/wp-content\/uploads\/2020\/05\/info-centarot-300x201.jpg\" alt=\"\" width=\"300\" height=\"201\" srcset=\"https:\/\/park-pelister.com\/wp-content\/uploads\/2020\/05\/info-centarot-300x201.jpg 300w, https:\/\/park-pelister.com\/wp-content\/uploads\/2020\/05\/info-centarot.jpg 448w\" sizes=\"(max-width: 300px) 100vw, 300px\" \/>\u00a0 \u00a0 \u00a0 <img loading=\"lazy\" class=\"alignnone wp-image-1086\" src=\"http:\/\/pelister.development.ivote.mk\/wp-content\/uploads\/2020\/04\/Infocentar-Golemo-Ezero-1-300x163.jpg\" alt=\"\" width=\"370\" height=\"201\" srcset=\"https:\/\/park-pelister.com\/wp-content\/uploads\/2020\/04\/Infocentar-Golemo-Ezero-1-300x163.jpg 300w, https:\/\/park-pelister.com\/wp-content\/uploads\/2020\/04\/Infocentar-Golemo-Ezero-1-768x418.jpg 768w, https:\/\/park-pelister.com\/wp-content\/uploads\/2020\/04\/Infocentar-Golemo-Ezero-1.jpg 800w\" sizes=\"(max-width: 370px) 100vw, 370px\" \/><\/p>\n<p><strong>Gjat\u00ebsia totale e shtegut \u00ebsht\u00eb 22 km.<\/strong><\/p>\n<p><strong>Pozicioni fillestar: Info Qendra n\u00eb 1.350 metra mbi nivelin e detit.<\/strong><\/p>\n<p><strong>Pika e fundit: Liqeni i Madh n\u00eb 2,218 metra mbi nivelin e detit. Denivelimi: 868 metra mbi nivelin e detit.<\/strong><\/p>\n<p>V\u00ebshtir\u00ebsia: Shteg mesatarisht i v\u00ebshtir\u00eb.<\/p>\n<p>Shtigjet fillojn\u00eb nga Info Qendra e PK Pelister dhe ngjitet n\u00eb Liqenin e Madh p\u00ebrgjat\u00eb rrug\u00ebs malore q\u00eb \u00e7on n\u00eb Liqenin e Madh. Shtigjet p\u00ebrkojn\u00eb me rrug\u00ebn ekzistuese malore dhe kalon nga \u201cKamenjaro\u201d p\u00ebrball\u00eb Palisnopje, n\u00ebp\u00ebrmjet vendpushimit Palisnopje, kalon lokacionin Caparska Preseka, shkon pran\u00eb Sht\u00ebpis\u00eb malore Shiroka (e ashtuquajtura Sht\u00ebpia e Gjuetis\u00eb), del n\u00eb Shiroka dhe shkon n\u00eb vendin e quajtur Semafori. N\u00eb semafor\u00ebt, rruga p\u00ebr n\u00eb maj\u00ebn e Pelisterit jan\u00eb t\u00eb ndara, dhe tjetra vazhdon p\u00ebrgjat\u00eb rrug\u00ebs p\u00ebr n\u00eb Liqenin e Madh<\/p>\n<p><strong>Gjat\u00ebsia e shtegut t\u00eb semaforit \u00ebsht\u00eb 15 km. Nga semafor\u00ebt deri te Liqeni i madh ka edhe 7 km t\u00eb tjer\u00eb.<\/strong><\/p>\n<p><img loading=\"lazy\" class=\"alignnone wp-image-930\" src=\"http:\/\/pelister.development.ivote.mk\/wp-content\/uploads\/2020\/05\/IMG_20140716_073159-300x225.jpg\" alt=\"\" width=\"286\" height=\"214\" srcset=\"https:\/\/park-pelister.com\/wp-content\/uploads\/2020\/05\/IMG_20140716_073159-300x225.jpg 300w, https:\/\/park-pelister.com\/wp-content\/uploads\/2020\/05\/IMG_20140716_073159.jpg 640w\" sizes=\"(max-width: 286px) 100vw, 286px\" \/>\u00a0 \u00a0 \u00a0 \u00a0 \u00a0 \u00a0 \u00a0<img loading=\"lazy\" class=\"alignnone wp-image-950\" src=\"http:\/\/pelister.development.ivote.mk\/wp-content\/uploads\/2020\/05\/ant-32-300x225.jpg\" alt=\"\" width=\"288\" height=\"217\" \/><\/p>\n<p>Shtegu vizualisht \u00ebsht\u00eb shum\u00eb t\u00ebrheq\u00ebs, kalon nga maja e Kozji Kamen dhe lugina e lumit t\u00eb Caparit, ka nj\u00eb pamje nga Pellagonia. Nga vendi Semafori ka nj\u00eb pamje dhe shikueshm\u00ebri n\u00eb Liqenin e Presp\u00ebs dhe majat q\u00eb gravitojn\u00eb n\u00eb at\u00eb an\u00eb t\u00eb Malit t\u00eb Bab\u00ebs: Dy Varre, Golema \u00c7uka, Mala \u00c7uka, pjes\u00eb e Lugin\u00ebs s\u00eb lumit Maloviska. Pastaj ka nj\u00eb pamje p\u00ebr fshatrat Kranj\u00eb dhe Arvat, n\u00eb t\u00eb majt\u00eb drejt maj\u00ebs s\u00eb Marushic\u00ebs.<\/p>\n<p><img loading=\"lazy\" class=\"alignnone wp-image-933\" src=\"http:\/\/pelister.development.ivote.mk\/wp-content\/uploads\/2020\/05\/IMG_20140716_083025-300x178.jpg\" alt=\"\" width=\"243\" height=\"144\" srcset=\"https:\/\/park-pelister.com\/wp-content\/uploads\/2020\/05\/IMG_20140716_083025-300x178.jpg 300w, https:\/\/park-pelister.com\/wp-content\/uploads\/2020\/05\/IMG_20140716_083025.jpg 640w\" sizes=\"(max-width: 243px) 100vw, 243px\" \/>\u00a0 \u00a0 \u00a0<img loading=\"lazy\" class=\"alignnone wp-image-945\" src=\"http:\/\/pelister.development.ivote.mk\/wp-content\/uploads\/2020\/05\/IMG_20150915_110809-300x225.jpg\" alt=\"\" width=\"193\" height=\"145\" srcset=\"https:\/\/park-pelister.com\/wp-content\/uploads\/2020\/05\/IMG_20150915_110809-300x225.jpg 300w, https:\/\/park-pelister.com\/wp-content\/uploads\/2020\/05\/IMG_20150915_110809.jpg 640w\" sizes=\"(max-width: 193px) 100vw, 193px\" \/>\u00a0 \u00a0 \u00a0<img loading=\"lazy\" class=\"alignnone wp-image-935\" src=\"http:\/\/pelister.development.ivote.mk\/wp-content\/uploads\/2020\/05\/IMG_20140716_083510-300x225.jpg\" alt=\"\" width=\"192\" height=\"143\" srcset=\"https:\/\/park-pelister.com\/wp-content\/uploads\/2020\/05\/IMG_20140716_083510-300x225.jpg 300w, https:\/\/park-pelister.com\/wp-content\/uploads\/2020\/05\/IMG_20140716_083510.jpg 640w\" sizes=\"(max-width: 192px) 100vw, 192px\" \/><\/p>\n<p>Flora dhe fauna: Llojet mbizot\u00ebruese t\u00eb drurit p\u00ebrgjat\u00eb shtegut jan\u00eb molika ose pisha maqedonase (Pinus peuce Grisebah), dhe bredhi (Abies alba), fern, agri e verdh\u00eb, ka\u00e7unka, karafila e shtrir\u00eb, barbaroz\u00eb,\u00a0 boronic\u00eb, etj. Speciet shtazore q\u00eb mund t\u00eb gjenden jan\u00eb: dreri, ariu, ujku, dhelpra, lepuri, ketri, shum\u00eb specie zogjsh, flutura, insekte t\u00eb shumta.<\/p>\n<p><img loading=\"lazy\" class=\"alignnone wp-image-939\" src=\"http:\/\/pelister.development.ivote.mk\/wp-content\/uploads\/2020\/05\/107997812610292-300x200.jpg\" alt=\"\" width=\"199\" height=\"133\" srcset=\"https:\/\/park-pelister.com\/wp-content\/uploads\/2020\/05\/107997812610292-300x200.jpg 300w, https:\/\/park-pelister.com\/wp-content\/uploads\/2020\/05\/107997812610292.jpg 320w\" sizes=\"(max-width: 199px) 100vw, 199px\" \/>\u00a0 \u00a0 \u00a0 <img loading=\"lazy\" class=\"alignnone wp-image-943\" src=\"http:\/\/pelister.development.ivote.mk\/wp-content\/uploads\/2020\/05\/100_0729-300x160.jpg\" alt=\"\" width=\"256\" height=\"136\" srcset=\"https:\/\/park-pelister.com\/wp-content\/uploads\/2020\/05\/100_0729-300x160.jpg 300w, https:\/\/park-pelister.com\/wp-content\/uploads\/2020\/05\/100_0729.jpg 640w\" sizes=\"(max-width: 256px) 100vw, 256px\" \/>\u00a0 \u00a0 \u00a0 <img loading=\"lazy\" class=\"alignnone wp-image-947\" src=\"http:\/\/pelister.development.ivote.mk\/wp-content\/uploads\/2020\/05\/img001-300x196.jpg\" alt=\"\" width=\"204\" height=\"133\" srcset=\"https:\/\/park-pelister.com\/wp-content\/uploads\/2020\/05\/img001-300x196.jpg 300w, https:\/\/park-pelister.com\/wp-content\/uploads\/2020\/05\/img001.jpg 640w\" sizes=\"(max-width: 204px) 100vw, 204px\" \/><\/p>\n<p>Kur vazhdon p\u00ebrgjat\u00eb shtegut (rruga malore) nga e majta hapet nj\u00eb pamje p\u00ebr n\u00eb Debel Rid, majat: Skrkovo, Musa dhe Griva, dhe n\u00eb lugin\u00ebn posht\u00eb maj\u00ebs s\u00eb Pelisterit hapet nj\u00eb pamje p\u00ebr Crveni Steni dhe shpatet shk\u00ebmbore t\u00eb malit, t\u00eb cilat zbresin n\u00eb fshatin Nizhepole.<\/p>\n<p>Shtegu \u00ebsht\u00eb i sh\u00ebnuar plot\u00ebsisht sipas standardeve t\u00eb alpinizmit. Pas kalimit t\u00eb rrafshnalt\u00ebs s\u00eb vog\u00ebl, rruga t\u00eb \u00e7on n\u00eb cirkun e Liqenit t\u00eb Madh, i cili ndodhet posht\u00eb maj\u00ebs s\u00eb Veternic\u00ebs, dhe ngjitur me liqenin \u00ebsht\u00eb Sht\u00ebpia e Malit, e njohur si Sht\u00ebpia e Liqenit t\u00eb Madh, me emrin e alpinistit Dimitar Ilievski &#8211; Murato, i pari maqedonas q\u00eb ngjiti malin Everest.<\/p>\n<p><img loading=\"lazy\" class=\"alignnone wp-image-949\" src=\"http:\/\/pelister.development.ivote.mk\/wp-content\/uploads\/2020\/05\/IMG_6926-300x225.jpg\" alt=\"\" width=\"296\" height=\"221\" srcset=\"https:\/\/park-pelister.com\/wp-content\/uploads\/2020\/05\/IMG_6926-300x225.jpg 300w, https:\/\/park-pelister.com\/wp-content\/uploads\/2020\/05\/IMG_6926.jpg 640w\" sizes=\"(max-width: 296px) 100vw, 296px\" \/>\u00a0 \u00a0 \u00a0 \u00a0 \u00a0 \u00a0 \u00a0 \u00a0 <img loading=\"lazy\" class=\"alignnone wp-image-948\" src=\"http:\/\/pelister.development.ivote.mk\/wp-content\/uploads\/2020\/05\/img002-300x192.jpg\" alt=\"\" width=\"343\" height=\"220\" srcset=\"https:\/\/park-pelister.com\/wp-content\/uploads\/2020\/05\/img002-300x192.jpg 300w, https:\/\/park-pelister.com\/wp-content\/uploads\/2020\/05\/img002.jpg 615w\" sizes=\"(max-width: 343px) 100vw, 343px\" \/><\/p>\n<p>Shtegu \u00ebsht\u00eb i sh\u00ebnuar plot\u00ebsisht sipas standardeve t\u00eb alpinizmit. Pas kalimit t\u00eb rrafshnalt\u00ebs s\u00eb vog\u00ebl, rruga t\u00eb \u00e7on n\u00eb cirkun e Liqenit t\u00eb Madh, i cili ndodhet posht\u00eb maj\u00ebs s\u00eb Veternic\u00ebs, dhe ngjitur me liqenin \u00ebsht\u00eb Sht\u00ebpia e Malit, e njohur si Sht\u00ebpia e Liqenit t\u00eb Madh, me emrin e alpinistit Dimitar Ilievski &#8211; Murato, i pari maqedonas q\u00eb ngjiti malin Everest.<\/p>\n<p>&nbsp;<\/p>","protected":false},"featured_media":1085,"template":"","activitiy_category":[19],"_links":{"self":[{"href":"https:\/\/park-pelister.com\/sq\/wp-json\/wp\/v2\/activity\/146"}],"collection":[{"href":"https:\/\/park-pelister.com\/sq\/wp-json\/wp\/v2\/activity"}],"about":[{"href":"https:\/\/park-pelister.com\/sq\/wp-json\/wp\/v2\/types\/activity"}],"wp:featuredmedia":[{"embeddable":true,"href":"https:\/\/park-pelister.com\/sq\/wp-json\/wp\/v2\/media\/1085"}],"wp:attachment":[{"href":"https:\/\/park-pelister.com\/sq\/wp-json\/wp\/v2\/media?parent=146"}],"wp:term":[{"taxonomy":"activitiy_category","embeddable":true,"href":"https:\/\/park-pelister.com\/sq\/wp-json\/wp\/v2\/activitiy_category?post=146"}],"curies":[{"name":"wp","href":"https:\/\/api.w.org\/{rel}","templated":true}]}}