{"id":1026,"date":"2020-05-30T19:15:58","date_gmt":"2020-05-30T19:15:58","guid":{"rendered":"http:\/\/pelister.development.ivote.mk\/?post_type=activity&#038;p=1026"},"modified":"2020-09-14T08:08:08","modified_gmt":"2020-09-14T08:08:08","slug":"%d1%81%d0%b5%d0%bb%d0%be-%d0%bc%d0%b0%d0%bb%d0%be%d0%b2%d0%b8%d1%88%d1%82%d0%b5-%d1%86%d1%80%d0%ba%d0%b2%d0%b0-%d1%81%d0%b2-%d0%b0%d0%bd%d0%b0","status":"publish","type":"activity","link":"https:\/\/park-pelister.com\/sq\/activity\/%d1%81%d0%b5%d0%bb%d0%be-%d0%bc%d0%b0%d0%bb%d0%be%d0%b2%d0%b8%d1%88%d1%82%d0%b5-%d1%86%d1%80%d0%ba%d0%b2%d0%b0-%d1%81%d0%b2-%d0%b0%d0%bd%d0%b0\/","title":{"rendered":"Manastiri Sh\u00ebn Ana &#8211; Fshati Malovishte"},"content":{"rendered":"<p>Manastiri i Sh\u00ebn An\u00ebs ndodhet rreth gjysm\u00eb ore sh\u00ebtitje n\u00eb jug-per\u00ebndim t\u00eb fshatit Malovishte, n\u00eb 1.400 metra mbi nivelin e detit, n\u00eb pyllin e dendur t\u00eb ahut t\u00eb Parkut Komb\u00ebtar Pelister. Tempulli i Sh\u00ebn An\u00ebs u ngrit n\u00eb vendin e tempullit t\u00eb vjet\u00ebr n\u00eb vitin 1936.<\/p>\n<p><img loading=\"lazy\" class=\"alignnone wp-image-1047 alignleft\" src=\"http:\/\/pelister.development.ivote.mk\/wp-content\/uploads\/2020\/05\/640px-Crkva_sv.Ana_selo_Maloviste-300x225.jpg\" alt=\"\" width=\"194\" height=\"146\" srcset=\"https:\/\/park-pelister.com\/wp-content\/uploads\/2020\/05\/640px-Crkva_sv.Ana_selo_Maloviste-300x225.jpg 300w, https:\/\/park-pelister.com\/wp-content\/uploads\/2020\/05\/640px-Crkva_sv.Ana_selo_Maloviste.jpg 640w\" sizes=\"(max-width: 194px) 100vw, 194px\" \/> <img loading=\"lazy\" class=\"alignnone wp-image-1245 alignleft\" src=\"http:\/\/pelister.development.ivote.mk\/wp-content\/uploads\/2020\/05\/181_Sv.-Spas-Vrteshka-Malovishte-Bitola-municipality-Macedonia-1-300x199.jpg\" alt=\"\" width=\"221\" height=\"146\" srcset=\"https:\/\/park-pelister.com\/wp-content\/uploads\/2020\/05\/181_Sv.-Spas-Vrteshka-Malovishte-Bitola-municipality-Macedonia-1-300x199.jpg 300w, https:\/\/park-pelister.com\/wp-content\/uploads\/2020\/05\/181_Sv.-Spas-Vrteshka-Malovishte-Bitola-municipality-Macedonia-1.jpg 640w\" sizes=\"(max-width: 221px) 100vw, 221px\" \/> <img loading=\"lazy\" class=\"alignnone wp-image-1246 alignleft\" src=\"http:\/\/pelister.development.ivote.mk\/wp-content\/uploads\/2020\/05\/185_Sv.-Spas-Vrteshka-Malovishte-Bitola-municipality-Macedonia-300x199.jpg\" alt=\"\" width=\"220\" height=\"146\" srcset=\"https:\/\/park-pelister.com\/wp-content\/uploads\/2020\/05\/185_Sv.-Spas-Vrteshka-Malovishte-Bitola-municipality-Macedonia-300x199.jpg 300w, https:\/\/park-pelister.com\/wp-content\/uploads\/2020\/05\/185_Sv.-Spas-Vrteshka-Malovishte-Bitola-municipality-Macedonia-1024x678.jpg 1024w, https:\/\/park-pelister.com\/wp-content\/uploads\/2020\/05\/185_Sv.-Spas-Vrteshka-Malovishte-Bitola-municipality-Macedonia-768x509.jpg 768w, https:\/\/park-pelister.com\/wp-content\/uploads\/2020\/05\/185_Sv.-Spas-Vrteshka-Malovishte-Bitola-municipality-Macedonia.jpg 1300w\" sizes=\"(max-width: 220px) 100vw, 220px\" \/><\/p>\n<p>&nbsp;<\/p>\n<p>&nbsp;<\/p>\n<p>&nbsp;<\/p>\n<p>&nbsp;<\/p>\n<p>&nbsp;<\/p>\n<p style=\"text-align: center;\"><strong>Sh\u00ebn Ana ishte n\u00ebna e Sh\u00ebn Maris\u00eb dhe gjyshja e Jezu Krishtit. Kulti i k\u00ebsaj shenjtore Anne po p\u00ebrhapet q\u00eb n\u00eb shekullin e 6-t\u00eb, kur u nd\u00ebrtua kisha e par\u00eb n\u00eb Konstandinopoj\u00eb, e cila mbante emrin e saj.<\/strong><\/p>\n<p>Pran\u00eb tempullit ka nj\u00eb burim me uj\u00eb t\u00eb past\u00ebr malor p\u00ebr t\u00eb cilin popullata lokale beson se ai ka fuqi sh\u00ebruese. N\u00eb t\u00eb kaluar\u00ebn, uji dilte nga rr\u00ebnja e nj\u00eb peme t\u00eb madhe ahu, mbetjet e s\u00eb cil\u00ebs gjenden n\u00eb kish\u00ebz\u00ebn e vjet\u00ebr t\u00eb bashkangjitur n\u00eb pjes\u00ebn per\u00ebndimore t\u00eb tempullit.<br \/>\nKisha feston fest\u00ebn e Ngjitjes s\u00eb Sh\u00ebn An\u00ebs n\u00eb 7 Gusht, dometh\u00ebn\u00eb n\u00eb mbr\u00ebmjen e 6 Gushtit manastiri vizitohet nga nj\u00eb num\u00ebr i madh i besimtar\u00ebve, shum\u00eb prej t\u00eb cil\u00ebve po flen\u00eb rreth tempullit dhe n\u00eb lagjet e manastirit. (Teksti \u00ebsht\u00eb marr\u00eb nga Manastiri Info portal).<\/p>","protected":false},"featured_media":1028,"template":"","activitiy_category":[16],"_links":{"self":[{"href":"https:\/\/park-pelister.com\/sq\/wp-json\/wp\/v2\/activity\/1026"}],"collection":[{"href":"https:\/\/park-pelister.com\/sq\/wp-json\/wp\/v2\/activity"}],"about":[{"href":"https:\/\/park-pelister.com\/sq\/wp-json\/wp\/v2\/types\/activity"}],"wp:featuredmedia":[{"embeddable":true,"href":"https:\/\/park-pelister.com\/sq\/wp-json\/wp\/v2\/media\/1028"}],"wp:attachment":[{"href":"https:\/\/park-pelister.com\/sq\/wp-json\/wp\/v2\/media?parent=1026"}],"wp:term":[{"taxonomy":"activitiy_category","embeddable":true,"href":"https:\/\/park-pelister.com\/sq\/wp-json\/wp\/v2\/activitiy_category?post=1026"}],"curies":[{"name":"wp","href":"https:\/\/api.w.org\/{rel}","templated":true}]}}